{"id":1250,"date":"2021-08-31T10:39:59","date_gmt":"2021-08-31T10:39:59","guid":{"rendered":"https:\/\/testing.vallonchene.fr\/produit\/abies-koreana-silberlocke\/"},"modified":"2024-12-11T09:09:12","modified_gmt":"2024-12-11T08:09:12","slug":"abies-koreana-silberlocke","status":"publish","type":"product","link":"https:\/\/www.vallonchene.fr\/de\/produkt\/abies-koreana-silberlocke\/","title":{"rendered":"ABIES koreana &#8218;Silberlocke&#8216;"},"content":{"rendered":"<h2 data-sourcepos=\"3:1-3:42\">Die Pflanze<\/h2>\n<p data-sourcepos=\"3:1-3:42\"> Unter den koreanischen Tannen sticht die ABIES koreana &#8218;Silberlocke&#8216; durch ihr <strong>edles Erscheinungsbild und ihr einzigartiges Laub<\/strong> hervor.<br \/>\nIhre <strong>Nadeln, zart nach oben gekr\u00fcmmt, enth\u00fcllen eine strahlend wei\u00dfe Unterseite<\/strong>, die einen markanten Kontrast zum tiefen Gr\u00fcn ihrer Oberseite bildet. Dieses Spiel des Lichts zieht unwiderstehlich den Blick auf sich und macht diesen Nadelbaum zu einem wahren Meisterwerk in jedem Garten.<br \/>\nIm Fr\u00fchling vervollst\u00e4ndigen <strong>bezaubernde violette Zapfen<\/strong> die Sch\u00f6nheit dieses botanischen Juwels.<br \/>\n<strong>Das langsame Wachstum und sein sich ausbreitender anf\u00e4nglicher Wuchs<\/strong> machen ihn zur idealen Wahl f\u00fcr kleine R\u00e4ume, in denen er anmutig gedeiht. Im Laufe der Jahre w\u00e4chst er und nimmt eine aufrechtere Form an, wobei er stets seine nat\u00fcrliche Eleganz beh\u00e4lt.<br \/>\n<strong>Ob Ihr Garten gro\u00df oder klein ist<\/strong>, Abies koreana \u201eSilberlocke\u201c f\u00fcgt sich harmonisch ein und sorgt f\u00fcr einen Hauch von Raffinesse und eine bemerkenswerte Pr\u00e4senz.<br \/>\nAbies koreana &#8218;Silberlocke&#8216; ist <strong>absolut winterhart<\/strong> und passt sich problemlos an kaltes Klima an.<\/p>\n<p data-sourcepos=\"3:1-3:42\">Um alle derzeit zum Verkauf stehende koreanische Tannen anzuzeigen, <strong><a href=\"https:\/\/www.vallonchene.fr\/de\/?s=abies+koreana&amp;post_type=product&amp;dgwt_wcas=1&amp;lang=de&amp;filter_stock_status=instock\">klicken Sie bitte hier<\/a><\/strong>.<\/p>\n<h2 data-sourcepos=\"3:1-3:42\">Wie pflanzt und pflegt man ABIES koreana &#8218;Silberlocke&#8216;?<\/h2>\n<h3>Die Pflanzung<\/h3>\n<ol>\n<li data-sourcepos=\"3:1-3:64\"><strong>Damit Ihre Korea-Tanne in ihrer ganzen Sch\u00f6nheit erstrahlt<\/strong>, ist es wichtig, ihr einen sonnendurchfluteten Standort zu bieten. Pflanzen Sie sie an einen Ort, an dem sie mindestens 12 Stunden am Tag, idealerweise zwischen 12 und 17 Uhr, direktem Sonnenlicht ausgesetzt ist. Ein Standort im Halbschatten ist m\u00f6glich, allerdings ist zu beachten, dass das Laub dadurch seinen silbernen Glanz ein wenig verliert.<\/li>\n<li data-sourcepos=\"3:1-3:64\"><strong>Weiterhin passt sich die Abies koreana &#8218;Silberlocke&#8216; verschiedenen Situationen an:<\/strong> Sie k\u00f6nnen sie in die Erde in ein Blumenbeet pflanzen, sie in einem Topf auf Ihrer Terrasse kultivieren oder sie als Einzelpflanze einbringen, um ihre elegante Silhouette hervorzuheben.<\/li>\n<li data-sourcepos=\"3:1-3:64\">Auch <strong>bez\u00fcglich des Bodens<\/strong> stellt sie keine gro\u00dfen Anspr\u00fcche. Sie f\u00fchlt sich mit trockenen, m\u00e4\u00dfig feuchten oder feuchten B\u00f6den wohl und passt sich einer leichten, normalen oder schweren Beschaffenheit an. Schlie\u00dflich kann der pH-Wert sauer, neutral oder kalkhaltig sein.<\/li>\n<\/ol>\n<p><a href=\"https:\/\/www.vallonchene.fr\/comment-planter-et-entretenir-des-vegetaux\/\" target=\"_blank\" rel=\"noreferrer noopener\"><strong>F\u00fcr die richtige Vorbereitung des Topfes oder Pflanzlochs haben wir hier spezielle Anleitungen zusammengestellt<\/strong><\/a>.<\/p>\n<h3>Die Pflege<\/h3>\n<p data-sourcepos=\"3:1-3:31\"><strong>Abies koreana &#8218;Silberlocke&#8216; geh\u00f6rt zu den Koniferen von seltener Einfachheit.<\/strong> Sie erfordert nur wenig Pflege, um Ihnen jahrelang strahlende Sch\u00f6nheit zu bieten.<\/p>\n<p data-sourcepos=\"5:1-5:4\"><strong>Wenn Sie ihr Aussehen ver\u00e4ndern m\u00f6chten,<\/strong> k\u00f6nnen Sie ihn im Februar oder M\u00e4rz leicht zur\u00fcckschneiden, bevor neue Triebe erscheinen.<\/p>\n<p data-sourcepos=\"7:1-7:2\"><strong>Abgesehen von diesem optionalen Schnitt<\/strong> ben\u00f6tigt Ihr Abies koreana &#8218;Silberlocke&#8216; keine besondere Pflege. Sie ben\u00f6tigt einen entw\u00e4sserten Boden und m\u00e4\u00dfiges Gie\u00dfen, insbesondere in Trockenperioden.<\/p>\n<h2 data-sourcepos=\"7:1-7:2\">Geschichte und Herkunft<\/h2>\n<p><strong>Abies koreana, eine Art, von der &#8218;Silberlocke&#8216; eine bemerkenswerte Sorte ist<\/strong>, hat ihre Wurzeln im Hochgebirge S\u00fcdkoreas. Dort, zwischen 1.000 und 1.900 Metern \u00fcber dem Meeresspiegel, w\u00e4chst sie im Herzen der gem\u00e4\u00dfigten Regenw\u00e4lder.<\/p>\n<p><strong>Abies koreana genie\u00dft ein k\u00fchles,<\/strong> feuchtes Klima und gedeiht unter Bedingungen mit vielen Niederschl\u00e4gen.<\/p>\n<p><strong>Abies koreana schlie\u00dflich ist ein au\u00dfergew\u00f6hnlicher Nadelbaum, der seinen Charme aus seiner Bergherkunft bezieht.<\/strong> Seine kompakte Gr\u00f6\u00dfe und das silberne Laub machen ihn zur idealen Wahl f\u00fcr G\u00e4rten jeder Gr\u00f6\u00dfe.<\/p>\n<p>&nbsp;<\/p>\n","protected":false},"excerpt":{"rendered":"<p>Diese <strong>Korea-Tanne<\/strong> ist absolut winterhart. Das lockige Laub von <strong>ABIES koreana &#8218;Silberlocke&#8216;<\/strong> ist oben gr\u00fcn und unten wei\u00df. Sie ist auch f\u00fcr kleine G\u00e4rten geeignet.<\/p>\n","protected":false},"featured_media":47784,"comment_status":"open","ping_status":"closed","template":"","meta":[],"product_brand":[],"product_cat":[255],"product_tag":[10582,10981,10983,10982,10984],"class_list":{"0":"post-1250","1":"product","2":"type-product","3":"status-publish","4":"has-post-thumbnail","6":"product_cat-koniferen-de","7":"product_tag-abies-de","8":"product_tag-abies-koreana-de","9":"product_tag-abies-koreana-silberlocke-de","10":"product_tag-korea-tanne-de","11":"product_tag-silberlocke-de","12":"pa_99-hauteurapproximativeapres1-100a150m-de","13":"pa_couleurdesfruits-mauve-de","14":"pa_couleurdufeuillage-grun-de","15":"pa_couleurdufeuillage-weiss-de","16":"pa_exigencesenhumidite-feucht-de","17":"pa_exigencesenhumidite-normal-de","18":"pa_exigencesenhumidite-trocken-de","19":"pa_expositionspossibles-sonnigvon12bis17uhr-de","20":"pa_hauteurlivree-100-bis-125-cm","21":"pa_hauteurlivree-40-bis-50-cm","22":"pa_hauteurlivree-60-bis-80-cm","23":"pa_hauteurlivree-70-bis-80-cm","24":"pa_interetauprintemps-form-de","25":"pa_interetauprintemps-laub-de","26":"pa_interetauprintemps-zapfen-de","27":"pa_interetenautomne-form-de","28":"pa_interetenautomne-laub-de","29":"pa_interetenautomne-zapfen-de","30":"pa_interetenete-form-de","31":"pa_interetenete-laub-de","32":"pa_interetenete-zapfen-de","33":"pa_interetenhiver-form-de","34":"pa_interetenhiver-laub-de","35":"pa_interetenhiver-zapfen-de","36":"pa_naturedufeuillage-immergrun-de","37":"pa_naturesdesolpossibles-leicht-de","38":"pa_naturesdesolpossibles-normal-de","39":"pa_naturesdesolpossibles-schwer-de","40":"pa_particularites-form-de","41":"pa_particularites-furbonsaigeeignet-de","42":"pa_periodedetaille-febr-de","43":"pa_periodedetaille-marz-de","44":"pa_phdusolacceptable-kalkigmehrals75-de","45":"pa_phdusolacceptable-neutralzw65u75-de","46":"pa_phdusolacceptable-sauerwenigerals65-de","47":"pa_portgraphisme-ausgebreitet-de","48":"pa_resistanceaufroidrusticite-frostbestandigunter_20c-de","49":"pa_tailledepot-10liter_topf-de","50":"pa_tailledepot-20liter_topf-de","51":"pa_tailledepot-75liter_topf-de","52":"pa_utilisationpossible-alleinstehend-de","53":"pa_utilisationpossible-beet-de","54":"pa_utilisationpossible-kubelodertopf-de","56":"first","57":"outofstock","58":"taxable","59":"shipping-taxable","60":"purchasable","61":"product-type-variable","62":"has-default-attributes"},"supplier_id":null,"supplier_sku":"","barcode":null,"atum_controlled":true,"out_stock_date":null,"out_stock_threshold":null,"inheritable":true,"inbound_stock":0,"stock_on_hold":0,"sold_today":0,"sales_last_days":0,"reserved_stock":0,"customer_returns":0,"warehouse_damage":0,"lost_in_post":0,"other_logs":0,"out_stock_days":null,"lost_sales":0,"has_location":false,"update_date":"2026-01-14T07:57:15","atum_locations":[],"atum_stock_status":"instock","restock_status":false,"low_stock_amount":"","sales_update_date":"2025-03-08T09:59:18","calc_backorders":null,"yoast_head":"<!-- This site is optimized with the Yoast SEO Premium plugin v27.4 (Yoast SEO v27.4) - https:\/\/yoast.com\/product\/yoast-seo-premium-wordpress\/ -->\n<title>ABIES koreana &#039;Silberlocke&#039; - Korea-Tanne<\/title>\n<meta name=\"description\" content=\"Diese Korea-Tanne ist absolute winterhart. Das lockige Laub von ABIES koreana &#039;Silberlocke&#039; ist oben gr\u00fcn und unten wei\u00df.\" \/>\n<meta name=\"robots\" content=\"index, follow, max-snippet:-1, max-image-preview:large, max-video-preview:-1\" \/>\n<link rel=\"canonical\" href=\"https:\/\/www.vallonchene.fr\/de\/produkt\/abies-koreana-silberlocke\/\" \/>\n<meta property=\"og:locale\" content=\"de_DE\" \/>\n<meta property=\"og:type\" content=\"article\" \/>\n<meta property=\"og:title\" content=\"ABIES koreana &#039;Silberlocke&#039;\" \/>\n<meta property=\"og:description\" content=\"Diese Korea-Tanne ist absolute winterhart. Das lockige Laub von ABIES koreana &#039;Silberlocke&#039; ist oben gr\u00fcn und unten wei\u00df.\" \/>\n<meta property=\"og:url\" content=\"https:\/\/www.vallonchene.fr\/de\/produkt\/abies-koreana-silberlocke\/\" \/>\n<meta property=\"og:site_name\" content=\"Vallonch\u00eane\" \/>\n<meta property=\"article:publisher\" content=\"https:\/\/www.facebook.com\/vallonchene.fr\" \/>\n<meta property=\"article:modified_time\" content=\"2024-12-11T08:09:12+00:00\" \/>\n<meta property=\"og:image\" content=\"https:\/\/www.vallonchene.fr\/wp-content\/uploads\/2024\/06\/ABIES-koreana-Silberlocke.webp\" \/>\n\t<meta property=\"og:image:width\" content=\"1024\" \/>\n\t<meta property=\"og:image:height\" content=\"1024\" \/>\n\t<meta property=\"og:image:type\" content=\"image\/webp\" \/>\n<meta name=\"twitter:card\" content=\"summary_large_image\" \/>\n<meta name=\"twitter:label1\" content=\"Verf\u00fcgbarkeit\" \/>\n\t<meta name=\"twitter:data1\" content=\"Nicht vorr\u00e4tig\" \/>\n<script type=\"application\/ld+json\" class=\"yoast-schema-graph\">{\"@context\":\"https:\\\/\\\/schema.org\",\"@graph\":[{\"@type\":\"WebPage\",\"@id\":\"https:\\\/\\\/www.vallonchene.fr\\\/de\\\/produkt\\\/abies-koreana-silberlocke\\\/\",\"url\":\"https:\\\/\\\/www.vallonchene.fr\\\/de\\\/produkt\\\/abies-koreana-silberlocke\\\/\",\"name\":\"ABIES koreana 'Silberlocke' - Korea-Tanne\",\"isPartOf\":{\"@id\":\"https:\\\/\\\/www.vallonchene.fr\\\/de\\\/#website\"},\"primaryImageOfPage\":{\"@id\":\"https:\\\/\\\/www.vallonchene.fr\\\/de\\\/produkt\\\/abies-koreana-silberlocke\\\/#primaryimage\"},\"image\":{\"@id\":\"https:\\\/\\\/www.vallonchene.fr\\\/de\\\/produkt\\\/abies-koreana-silberlocke\\\/#primaryimage\"},\"thumbnailUrl\":\"https:\\\/\\\/www.vallonchene.fr\\\/wp-content\\\/uploads\\\/2024\\\/06\\\/ABIES-koreana-Silberlocke.webp\",\"datePublished\":\"2021-08-31T10:39:59+00:00\",\"dateModified\":\"2024-12-11T08:09:12+00:00\",\"description\":\"Diese Korea-Tanne ist absolute winterhart. Das lockige Laub von ABIES koreana 'Silberlocke' ist oben gr\u00fcn und unten wei\u00df.\",\"breadcrumb\":{\"@id\":\"https:\\\/\\\/www.vallonchene.fr\\\/de\\\/produkt\\\/abies-koreana-silberlocke\\\/#breadcrumb\"},\"inLanguage\":\"de\",\"potentialAction\":[{\"@type\":\"ReadAction\",\"target\":[\"https:\\\/\\\/www.vallonchene.fr\\\/de\\\/produkt\\\/abies-koreana-silberlocke\\\/\"]}]},{\"@type\":\"ImageObject\",\"inLanguage\":\"de\",\"@id\":\"https:\\\/\\\/www.vallonchene.fr\\\/de\\\/produkt\\\/abies-koreana-silberlocke\\\/#primaryimage\",\"url\":\"https:\\\/\\\/www.vallonchene.fr\\\/wp-content\\\/uploads\\\/2024\\\/06\\\/ABIES-koreana-Silberlocke.webp\",\"contentUrl\":\"https:\\\/\\\/www.vallonchene.fr\\\/wp-content\\\/uploads\\\/2024\\\/06\\\/ABIES-koreana-Silberlocke.webp\",\"width\":1024,\"height\":1024,\"caption\":\"Zweige mit gebogenen wei\u00dfen Nadeln der ABIES koreana 'Silberlocke'\"},{\"@type\":\"BreadcrumbList\",\"@id\":\"https:\\\/\\\/www.vallonchene.fr\\\/de\\\/produkt\\\/abies-koreana-silberlocke\\\/#breadcrumb\",\"itemListElement\":[{\"@type\":\"ListItem\",\"position\":1,\"name\":\"Home\",\"item\":\"https:\\\/\\\/www.vallonchene.fr\\\/de\\\/\"},{\"@type\":\"ListItem\",\"position\":2,\"name\":\"Shop\",\"item\":\"https:\\\/\\\/www.vallonchene.fr\\\/de\\\/shop\\\/\"},{\"@type\":\"ListItem\",\"position\":3,\"name\":\"Online-Verkauf\",\"item\":\"https:\\\/\\\/www.vallonchene.fr\\\/de\\\/produkt-kategorie\\\/online-verkauf-de\\\/\"},{\"@type\":\"ListItem\",\"position\":4,\"name\":\"Baumschule\",\"item\":\"https:\\\/\\\/www.vallonchene.fr\\\/de\\\/produkt-kategorie\\\/online-verkauf-de\\\/baumschule-gaertnerei-de\\\/\"},{\"@type\":\"ListItem\",\"position\":5,\"name\":\"Koniferen\",\"item\":\"https:\\\/\\\/www.vallonchene.fr\\\/de\\\/produkt-kategorie\\\/online-verkauf-de\\\/baumschule-gaertnerei-de\\\/koniferen-de\\\/\"},{\"@type\":\"ListItem\",\"position\":6,\"name\":\"ABIES koreana &#8218;Silberlocke&#8216;\"}]},{\"@type\":\"WebSite\",\"@id\":\"https:\\\/\\\/www.vallonchene.fr\\\/de\\\/#website\",\"url\":\"https:\\\/\\\/www.vallonchene.fr\\\/de\\\/\",\"name\":\"Vallonch\u00eane\",\"description\":\"Die Baumschule, bei der Qualit\u00e4t ihre Wurzeln hat \u2013 Tel.: +49 (0)6838-5399840\",\"publisher\":{\"@id\":\"https:\\\/\\\/www.vallonchene.fr\\\/de\\\/#organization\"},\"potentialAction\":[{\"@type\":\"SearchAction\",\"target\":{\"@type\":\"EntryPoint\",\"urlTemplate\":\"https:\\\/\\\/www.vallonchene.fr\\\/de\\\/?s={search_term_string}\"},\"query-input\":{\"@type\":\"PropertyValueSpecification\",\"valueRequired\":true,\"valueName\":\"search_term_string\"}}],\"inLanguage\":\"de\"},{\"@type\":\"Organization\",\"@id\":\"https:\\\/\\\/www.vallonchene.fr\\\/de\\\/#organization\",\"name\":\"VALLONCHENE\",\"url\":\"https:\\\/\\\/www.vallonchene.fr\\\/de\\\/\",\"logo\":{\"@type\":\"ImageObject\",\"inLanguage\":\"de\",\"@id\":\"https:\\\/\\\/www.vallonchene.fr\\\/de\\\/#\\\/schema\\\/logo\\\/image\\\/\",\"url\":\"https:\\\/\\\/www.vallonchene.fr\\\/wp-content\\\/uploads\\\/2023\\\/03\\\/Logo-Vallonchene-site-et-R_hauteur_100.png\",\"contentUrl\":\"https:\\\/\\\/www.vallonchene.fr\\\/wp-content\\\/uploads\\\/2023\\\/03\\\/Logo-Vallonchene-site-et-R_hauteur_100.png\",\"width\":221,\"height\":100,\"caption\":\"VALLONCHENE\"},\"image\":{\"@id\":\"https:\\\/\\\/www.vallonchene.fr\\\/de\\\/#\\\/schema\\\/logo\\\/image\\\/\"},\"sameAs\":[\"https:\\\/\\\/www.facebook.com\\\/vallonchene.fr\",\"https:\\\/\\\/www.instagram.com\\\/vallonchene\\\/\",\"https:\\\/\\\/www.pinterest.fr\\\/vallonchene\\\/\"],\"taxID\":\"49454502300017\",\"hasMerchantReturnPolicy\":{\"@type\":\"MerchantReturnPolicy\",\"merchantReturnLink\":\"https:\\\/\\\/www.vallonchene.fr\\\/remboursements_retours\\\/\"}}]}<\/script>\n<meta property=\"og:availability\" content=\"out of stock\" \/>\n<meta property=\"product:availability\" content=\"out of stock\" \/>\n<meta property=\"product:retailer_item_id\" content=\"12768\" \/>\n<meta property=\"product:condition\" content=\"new\" \/>\n<!-- \/ Yoast SEO Premium plugin. -->","yoast_head_json":{"title":"ABIES koreana 'Silberlocke' - Korea-Tanne","description":"Diese Korea-Tanne ist absolute winterhart. Das lockige Laub von ABIES koreana 'Silberlocke' ist oben gr\u00fcn und unten wei\u00df.","robots":{"index":"index","follow":"follow","max-snippet":"max-snippet:-1","max-image-preview":"max-image-preview:large","max-video-preview":"max-video-preview:-1"},"canonical":"https:\/\/www.vallonchene.fr\/de\/produkt\/abies-koreana-silberlocke\/","og_locale":"de_DE","og_type":"article","og_title":"ABIES koreana 'Silberlocke'","og_description":"Diese Korea-Tanne ist absolute winterhart. Das lockige Laub von ABIES koreana 'Silberlocke' ist oben gr\u00fcn und unten wei\u00df.","og_url":"https:\/\/www.vallonchene.fr\/de\/produkt\/abies-koreana-silberlocke\/","og_site_name":"Vallonch\u00eane","article_publisher":"https:\/\/www.facebook.com\/vallonchene.fr","article_modified_time":"2024-12-11T08:09:12+00:00","og_image":[{"width":1024,"height":1024,"url":"https:\/\/www.vallonchene.fr\/wp-content\/uploads\/2024\/06\/ABIES-koreana-Silberlocke.webp","type":"image\/webp"}],"twitter_card":"summary_large_image","twitter_misc":{"Verf\u00fcgbarkeit":"Nicht vorr\u00e4tig"},"schema":{"@context":"https:\/\/schema.org","@graph":[{"@type":"WebPage","@id":"https:\/\/www.vallonchene.fr\/de\/produkt\/abies-koreana-silberlocke\/","url":"https:\/\/www.vallonchene.fr\/de\/produkt\/abies-koreana-silberlocke\/","name":"ABIES koreana 'Silberlocke' - Korea-Tanne","isPartOf":{"@id":"https:\/\/www.vallonchene.fr\/de\/#website"},"primaryImageOfPage":{"@id":"https:\/\/www.vallonchene.fr\/de\/produkt\/abies-koreana-silberlocke\/#primaryimage"},"image":{"@id":"https:\/\/www.vallonchene.fr\/de\/produkt\/abies-koreana-silberlocke\/#primaryimage"},"thumbnailUrl":"https:\/\/www.vallonchene.fr\/wp-content\/uploads\/2024\/06\/ABIES-koreana-Silberlocke.webp","datePublished":"2021-08-31T10:39:59+00:00","dateModified":"2024-12-11T08:09:12+00:00","description":"Diese Korea-Tanne ist absolute winterhart. Das lockige Laub von ABIES koreana 'Silberlocke' ist oben gr\u00fcn und unten wei\u00df.","breadcrumb":{"@id":"https:\/\/www.vallonchene.fr\/de\/produkt\/abies-koreana-silberlocke\/#breadcrumb"},"inLanguage":"de","potentialAction":[{"@type":"ReadAction","target":["https:\/\/www.vallonchene.fr\/de\/produkt\/abies-koreana-silberlocke\/"]}]},{"@type":"ImageObject","inLanguage":"de","@id":"https:\/\/www.vallonchene.fr\/de\/produkt\/abies-koreana-silberlocke\/#primaryimage","url":"https:\/\/www.vallonchene.fr\/wp-content\/uploads\/2024\/06\/ABIES-koreana-Silberlocke.webp","contentUrl":"https:\/\/www.vallonchene.fr\/wp-content\/uploads\/2024\/06\/ABIES-koreana-Silberlocke.webp","width":1024,"height":1024,"caption":"Zweige mit gebogenen wei\u00dfen Nadeln der ABIES koreana 'Silberlocke'"},{"@type":"BreadcrumbList","@id":"https:\/\/www.vallonchene.fr\/de\/produkt\/abies-koreana-silberlocke\/#breadcrumb","itemListElement":[{"@type":"ListItem","position":1,"name":"Home","item":"https:\/\/www.vallonchene.fr\/de\/"},{"@type":"ListItem","position":2,"name":"Shop","item":"https:\/\/www.vallonchene.fr\/de\/shop\/"},{"@type":"ListItem","position":3,"name":"Online-Verkauf","item":"https:\/\/www.vallonchene.fr\/de\/produkt-kategorie\/online-verkauf-de\/"},{"@type":"ListItem","position":4,"name":"Baumschule","item":"https:\/\/www.vallonchene.fr\/de\/produkt-kategorie\/online-verkauf-de\/baumschule-gaertnerei-de\/"},{"@type":"ListItem","position":5,"name":"Koniferen","item":"https:\/\/www.vallonchene.fr\/de\/produkt-kategorie\/online-verkauf-de\/baumschule-gaertnerei-de\/koniferen-de\/"},{"@type":"ListItem","position":6,"name":"ABIES koreana &#8218;Silberlocke&#8216;"}]},{"@type":"WebSite","@id":"https:\/\/www.vallonchene.fr\/de\/#website","url":"https:\/\/www.vallonchene.fr\/de\/","name":"Vallonch\u00eane","description":"Die Baumschule, bei der Qualit\u00e4t ihre Wurzeln hat \u2013 Tel.: +49 (0)6838-5399840","publisher":{"@id":"https:\/\/www.vallonchene.fr\/de\/#organization"},"potentialAction":[{"@type":"SearchAction","target":{"@type":"EntryPoint","urlTemplate":"https:\/\/www.vallonchene.fr\/de\/?s={search_term_string}"},"query-input":{"@type":"PropertyValueSpecification","valueRequired":true,"valueName":"search_term_string"}}],"inLanguage":"de"},{"@type":"Organization","@id":"https:\/\/www.vallonchene.fr\/de\/#organization","name":"VALLONCHENE","url":"https:\/\/www.vallonchene.fr\/de\/","logo":{"@type":"ImageObject","inLanguage":"de","@id":"https:\/\/www.vallonchene.fr\/de\/#\/schema\/logo\/image\/","url":"https:\/\/www.vallonchene.fr\/wp-content\/uploads\/2023\/03\/Logo-Vallonchene-site-et-R_hauteur_100.png","contentUrl":"https:\/\/www.vallonchene.fr\/wp-content\/uploads\/2023\/03\/Logo-Vallonchene-site-et-R_hauteur_100.png","width":221,"height":100,"caption":"VALLONCHENE"},"image":{"@id":"https:\/\/www.vallonchene.fr\/de\/#\/schema\/logo\/image\/"},"sameAs":["https:\/\/www.facebook.com\/vallonchene.fr","https:\/\/www.instagram.com\/vallonchene\/","https:\/\/www.pinterest.fr\/vallonchene\/"],"taxID":"49454502300017","hasMerchantReturnPolicy":{"@type":"MerchantReturnPolicy","merchantReturnLink":"https:\/\/www.vallonchene.fr\/remboursements_retours\/"}}]},"og_availability":"out of stock","product_availability":"out of stock","product_retailer_item_id":"12768","product_condition":"new"},"_links":{"self":[{"href":"https:\/\/www.vallonchene.fr\/de\/wp-json\/wp\/v2\/product\/1250","targetHints":{"allow":["GET"]}}],"collection":[{"href":"https:\/\/www.vallonchene.fr\/de\/wp-json\/wp\/v2\/product"}],"about":[{"href":"https:\/\/www.vallonchene.fr\/de\/wp-json\/wp\/v2\/types\/product"}],"replies":[{"embeddable":true,"href":"https:\/\/www.vallonchene.fr\/de\/wp-json\/wp\/v2\/comments?post=1250"}],"wp:featuredmedia":[{"embeddable":true,"href":"https:\/\/www.vallonchene.fr\/de\/wp-json\/wp\/v2\/media\/47784"}],"wp:attachment":[{"href":"https:\/\/www.vallonchene.fr\/de\/wp-json\/wp\/v2\/media?parent=1250"}],"wp:term":[{"taxonomy":"product_brand","embeddable":true,"href":"https:\/\/www.vallonchene.fr\/de\/wp-json\/wp\/v2\/product_brand?post=1250"},{"taxonomy":"product_cat","embeddable":true,"href":"https:\/\/www.vallonchene.fr\/de\/wp-json\/wp\/v2\/product_cat?post=1250"},{"taxonomy":"product_tag","embeddable":true,"href":"https:\/\/www.vallonchene.fr\/de\/wp-json\/wp\/v2\/product_tag?post=1250"}],"curies":[{"name":"wp","href":"https:\/\/api.w.org\/{rel}","templated":true}]}}