{"id":12278,"date":"2021-08-31T11:31:36","date_gmt":"2021-08-31T11:31:36","guid":{"rendered":"https:\/\/testing.vallonchene.fr\/produit\/quercus-palustris-isabel\/"},"modified":"2024-10-02T15:05:43","modified_gmt":"2024-10-02T15:05:43","slug":"quercus-palustris-isabel","status":"publish","type":"product","link":"https:\/\/www.vallonchene.fr\/de\/produkt\/quercus-palustris-isabel\/","title":{"rendered":"QUERCUS palustris &#8218;Isabel&#8216;"},"content":{"rendered":"<h2>Die Pflanze<\/h2>\n<p> <strong>QUERCUS palustris &#8218;Isabel&#8216;<\/strong>, besser bekannt als <strong>Zwerg-Sumpfeiche<\/strong>, ist ein wahrer Schatz f\u00fcr Gartenliebhaber. Diese <strong>Zwergsorte<\/strong> der Sumpfeiche w\u00e4chst <strong>kugelig und kompakt<\/strong>, mit einem <strong>sehr dichten, gr\u00fcnen Laub<\/strong>. Sie w\u00e4chst sehr langsam. Auch wenn sie das ganze Jahr \u00fcber einen einzigartigen Anblick bietet, \u00fcberrascht sie besonders im Herbst. Das im Fr\u00fchjahr zartgr\u00fcne Laub f\u00e4rbt sich dann mit den ersten Fr\u00f6sten in <strong>warmen, leuchtenden T\u00f6nen<\/strong>. Es wechselt von Goldgelb \u00fcber strahlendes Orange zu flammendem Rot. Diese Farbpalette macht sie zu einem unverzichtbaren Element, um warme und einladende Atmosph\u00e4ren in Ihrem Garten zu schaffen.       <\/p>\n<h2>Wie pflanzt und pflegt man QUERCUS palustris &#8218;Isabel&#8216; ?<\/h2>\n<h3>Pflanzung<\/h3>\n<p> Dieser echte Zwerg geh\u00f6rt zu den <strong>robusten<\/strong> und <strong>pflegeleichten<\/strong> B\u00e4umen. Er passt sich an verschiedene Bodenarten an. Er bevorzugt <strong>sonnige Standorte<\/strong>, vertr\u00e4gt aber auch <strong>Halbschatten<\/strong>. Der pH-Wert des Bodens kann <strong>sauer, neutral oder alkalisch<\/strong> sein. <a href=\"https:\/\/www.vallonchene.fr\/comment-planter-et-entretenir-des-vegetaux\/\"><strong>Folgen Sie unseren Pflanztipps, die Sie hier finden<\/strong><\/a>, um dieses kleine Wunder zu pflanzen.     <\/p>\n<h3>Pflege<\/h3>\n<p> Nach dem Pflanzen ist in der ersten Vegetationsperiode eine regelm\u00e4\u00dfige Bew\u00e4sserung notwendig, um die Wurzelbildung zu f\u00f6rdern (<a href=\"https:\/\/www.vallonchene.fr\/comment-bien-arroser-le-jardin-et-economiser-leau\/\"><strong>folgen Sie unseren Gie\u00dfanleitungen hier<\/strong><\/a>). Sp\u00e4ter k\u00f6nnen die Gie\u00dfintervalle verl\u00e4ngert werden, au\u00dfer bei l\u00e4ngerer Trockenheit. Dieser winzige Baum ben\u00f6tigt nicht einmal einen besonderen Schnitt.   <\/p>\n<h2>Geschichte und Herkunft<\/h2>\n<p data-sourcepos=\"5:1-5:559\">QUERCUS palustris &#8218;Isabel&#8216; ist eine nat\u00fcrliche und junge Mutation der Sumpf-Eiche, einem majest\u00e4tischen Baum, der urspr\u00fcnglich aus den Feuchtgebieten des \u00f6stlichen Nordamerikas stammt. Die Sumpf-Eiche wird in Nordamerika seit Langem wegen ihres hochwertigen Holzes und ihrer Zierwerte gesch\u00e4tzt. Im 18. Jahrhundert nach Europa eingef\u00fchrt, hat sie sich in vielen Regionen schnell naturalisiert. In Frankreich wird sie unter anderem h\u00e4ufig als Allee entlang von Stra\u00dfen oder in Parks gepflanzt.   <\/p>\n<p data-sourcepos=\"7:1-7:590\">QUERCUS palustris &#8218;Isabel&#8216; tauchte als Individuum mit einzigartigen Eigenschaften auf:<\/p>\n<ul>\n<li data-sourcepos=\"7:1-7:590\">eine sehr reduzierte Gr\u00f6\u00dfe,<\/li>\n<li data-sourcepos=\"7:1-7:590\">einen kompakten Habitus und<\/li>\n<li data-sourcepos=\"7:1-7:590\">einen extrem langsamen Wuchs.<\/li>\n<\/ul>\n<p> Die genauen Umst\u00e4nde dieser Entdeckung sind unklar, aber es scheint, dass diese Zwergsorte in einem privaten Garten in den Niederlanden entdeckt wurde. Schlie\u00dflich zeigen Botaniker gro\u00dfes Interesse daran, da sie das Zierpotential dieser neuen Sorte erkannt haben. <\/p>\n","protected":false},"excerpt":{"rendered":"<p>Diese <strong>Sumpf-Eiche (Spree-Eiche)<\/strong> ist eine Zwergform. Die <strong>QUERCUS palustris &#8218;Isabel&#8216;<\/strong> f\u00e4rbt sich im Herbst leuchtend. Sie w\u00e4chst langsam und bleibt recht dicht.  <\/p>\n","protected":false},"featured_media":49456,"comment_status":"open","ping_status":"closed","template":"","meta":[],"product_brand":[],"product_cat":[252],"product_tag":[11385,11382,11384,11383],"class_list":{"0":"post-12278","1":"product","2":"type-product","3":"status-publish","4":"has-post-thumbnail","6":"product_cat-straucher-und-baume-de","7":"product_tag-isabel-de","8":"product_tag-quercus-de","9":"product_tag-quercus-palustris-de","10":"product_tag-quercus-palustris-isabel-de","11":"pa_99-hauteurapproximativeapres1-100a150m-de","12":"pa_couleurautomnaledufeuillage-gelb-de","13":"pa_couleurautomnaledufeuillage-rot-de","14":"pa_couleurnormaledufeuillage-grun-de","15":"pa_exigencesenhumidite-feucht-de","16":"pa_exigencesenhumidite-normal-de","17":"pa_expositionspossibles-ce-halbschattigsonnezw12und17-de","18":"pa_expositionspossibles-sonnigvon12bis17uhr-de","19":"pa_hauteurlivree-100-bis-125-cm","20":"pa_hauteurlivree-125-bis-150-cm","21":"pa_hauteurlivree-150-bis-175-cm","22":"pa_hauteurlivree-175-bis-200-cm","23":"pa_hauteurlivree-20-bis-30-cm","24":"pa_hauteurlivree-200-bis-250-cm","25":"pa_hauteurlivree-250-bis-300-cm","26":"pa_hauteurlivree-30-bis-40-cm","27":"pa_hauteurlivree-40-bis-50-cm","28":"pa_hauteurlivree-40-bis-60-cm","29":"pa_hauteurlivree-50-bis-60-cm","30":"pa_hauteurlivree-60-bis-80-cm","31":"pa_hauteurlivree-70-bis-80-cm","32":"pa_hauteurlivree-80-bis-100-cm","33":"pa_interetauprintemps-form-de","34":"pa_interetauprintemps-jungesprossen-de","35":"pa_interetauprintemps-laub-de","36":"pa_interetenautomne-form-de","37":"pa_interetenautomne-laub-de","38":"pa_interetenete-form-de","39":"pa_interetenete-laub-de","40":"pa_interetenhiver-form-de","41":"pa_naturedufeuillage-nichtimmergrun-de","42":"pa_naturesdesolpossibles-leicht-de","43":"pa_naturesdesolpossibles-normal-de","44":"pa_naturesdesolpossibles-schwer-de","45":"pa_particularites-furbonsaigeeignet-de","46":"pa_periodedetaille-febr-de","47":"pa_periodedetaille-jan-de","48":"pa_phdusolacceptable-kalkigmehrals75-de","49":"pa_phdusolacceptable-neutralzw65u75-de","50":"pa_phdusolacceptable-sauerwenigerals65-de","51":"pa_portgraphisme-rund-de","52":"pa_resistanceaufroidrusticite-frostbestandigunter_20c-de","53":"pa_tailledepot-10liter_topf-de","54":"pa_tailledepot-15liter_topf-de","55":"pa_tailledepot-2liter_topf-de","56":"pa_tailledepot-20liter_topf-de","57":"pa_tailledepot-3liter_topf-de","58":"pa_tailledepot-4liter_topf-de","59":"pa_tailledepot-5liter_topf-de","60":"pa_tailledepot-75liter_topf-de","61":"pa_tailledepot-jungpflanze-1-liter-topf","62":"pa_tailledepot-jungpflanze-topf-von-8-cm","63":"pa_utilisationpossible-beet-de","64":"pa_utilisationpossible-kubelodertopf-de","66":"first","67":"instock","68":"taxable","69":"shipping-taxable","70":"purchasable","71":"product-type-variable","72":"has-default-attributes"},"supplier_id":null,"supplier_sku":"","barcode":null,"atum_controlled":true,"out_stock_date":null,"out_stock_threshold":null,"inheritable":true,"inbound_stock":0,"stock_on_hold":0,"sold_today":0,"sales_last_days":0,"reserved_stock":0,"customer_returns":0,"warehouse_damage":0,"lost_in_post":0,"other_logs":0,"out_stock_days":0,"lost_sales":0,"has_location":false,"update_date":"2025-11-30T16:28:10","atum_locations":[],"atum_stock_status":"instock","restock_status":false,"low_stock_amount":"","sales_update_date":"2024-04-04T12:23:49","calc_backorders":null,"yoast_head":"<!-- This site is optimized with the Yoast SEO Premium plugin v27.5 (Yoast SEO v27.5) - https:\/\/yoast.com\/product\/yoast-seo-premium-wordpress\/ -->\n<title>QUERCUS palustris &#039;Isabel&#039; - Sumpf-Eiche, Spree-Eiche<\/title>\n<meta name=\"description\" content=\"Diese Sumpf-Eiche (Spree-Eiche) ist eine Zwergform. Die QUERCUS palustris &#039;Isabel&#039; f\u00e4rbt sich im Herbst leuchtend. Sie w\u00e4chst langsam und bleibt recht dicht.\" \/>\n<meta name=\"robots\" content=\"index, follow, max-snippet:-1, max-image-preview:large, max-video-preview:-1\" \/>\n<link rel=\"canonical\" href=\"https:\/\/www.vallonchene.fr\/de\/produkt\/quercus-palustris-isabel\/\" \/>\n<meta property=\"og:locale\" content=\"de_DE\" \/>\n<meta property=\"og:type\" content=\"article\" \/>\n<meta property=\"og:title\" content=\"QUERCUS palustris &#039;Isabel&#039;\" \/>\n<meta property=\"og:description\" content=\"Diese Sumpf-Eiche (Spree-Eiche) ist eine Zwergform. Die QUERCUS palustris &#039;Isabel&#039; f\u00e4rbt sich im Herbst leuchtend. Sie w\u00e4chst langsam und bleibt recht dicht.\" \/>\n<meta property=\"og:url\" content=\"https:\/\/www.vallonchene.fr\/de\/produkt\/quercus-palustris-isabel\/\" \/>\n<meta property=\"og:site_name\" content=\"Vallonch\u00eane\" \/>\n<meta property=\"article:publisher\" content=\"https:\/\/www.facebook.com\/vallonchene.fr\" \/>\n<meta property=\"article:modified_time\" content=\"2024-10-02T15:05:43+00:00\" \/>\n<meta property=\"og:image\" content=\"https:\/\/www.vallonchene.fr\/wp-content\/uploads\/2024\/10\/QUERCUS-palustris-Isabel_05.webp\" \/>\n\t<meta property=\"og:image:width\" content=\"1200\" \/>\n\t<meta property=\"og:image:height\" content=\"1200\" \/>\n\t<meta property=\"og:image:type\" content=\"image\/webp\" \/>\n<meta name=\"twitter:card\" content=\"summary_large_image\" \/>\n<meta name=\"twitter:label1\" content=\"Verf\u00fcgbarkeit\" \/>\n\t<meta name=\"twitter:data1\" content=\"Vorr\u00e4tig\" \/>\n<script type=\"application\/ld+json\" class=\"yoast-schema-graph\">{\"@context\":\"https:\\\/\\\/schema.org\",\"@graph\":[{\"@type\":\"WebPage\",\"@id\":\"https:\\\/\\\/www.vallonchene.fr\\\/de\\\/produkt\\\/quercus-palustris-isabel\\\/\",\"url\":\"https:\\\/\\\/www.vallonchene.fr\\\/de\\\/produkt\\\/quercus-palustris-isabel\\\/\",\"name\":\"QUERCUS palustris 'Isabel' - Sumpf-Eiche, Spree-Eiche\",\"isPartOf\":{\"@id\":\"https:\\\/\\\/www.vallonchene.fr\\\/de\\\/#website\"},\"primaryImageOfPage\":{\"@id\":\"https:\\\/\\\/www.vallonchene.fr\\\/de\\\/produkt\\\/quercus-palustris-isabel\\\/#primaryimage\"},\"image\":{\"@id\":\"https:\\\/\\\/www.vallonchene.fr\\\/de\\\/produkt\\\/quercus-palustris-isabel\\\/#primaryimage\"},\"thumbnailUrl\":\"https:\\\/\\\/www.vallonchene.fr\\\/wp-content\\\/uploads\\\/2024\\\/10\\\/QUERCUS-palustris-Isabel_05.webp\",\"datePublished\":\"2021-08-31T11:31:36+00:00\",\"dateModified\":\"2024-10-02T15:05:43+00:00\",\"description\":\"Diese Sumpf-Eiche (Spree-Eiche) ist eine Zwergform. Die QUERCUS palustris 'Isabel' f\u00e4rbt sich im Herbst leuchtend. Sie w\u00e4chst langsam und bleibt recht dicht.\",\"breadcrumb\":{\"@id\":\"https:\\\/\\\/www.vallonchene.fr\\\/de\\\/produkt\\\/quercus-palustris-isabel\\\/#breadcrumb\"},\"inLanguage\":\"de\",\"potentialAction\":[{\"@type\":\"ReadAction\",\"target\":[\"https:\\\/\\\/www.vallonchene.fr\\\/de\\\/produkt\\\/quercus-palustris-isabel\\\/\"]}]},{\"@type\":\"ImageObject\",\"inLanguage\":\"de\",\"@id\":\"https:\\\/\\\/www.vallonchene.fr\\\/de\\\/produkt\\\/quercus-palustris-isabel\\\/#primaryimage\",\"url\":\"https:\\\/\\\/www.vallonchene.fr\\\/wp-content\\\/uploads\\\/2024\\\/10\\\/QUERCUS-palustris-Isabel_05.webp\",\"contentUrl\":\"https:\\\/\\\/www.vallonchene.fr\\\/wp-content\\\/uploads\\\/2024\\\/10\\\/QUERCUS-palustris-Isabel_05.webp\",\"width\":1200,\"height\":1200,\"caption\":\"Leuchtend rotes Laub von QUERCUS palustris 'Isabel'\"},{\"@type\":\"BreadcrumbList\",\"@id\":\"https:\\\/\\\/www.vallonchene.fr\\\/de\\\/produkt\\\/quercus-palustris-isabel\\\/#breadcrumb\",\"itemListElement\":[{\"@type\":\"ListItem\",\"position\":1,\"name\":\"Home\",\"item\":\"https:\\\/\\\/www.vallonchene.fr\\\/de\\\/\"},{\"@type\":\"ListItem\",\"position\":2,\"name\":\"Shop\",\"item\":\"https:\\\/\\\/www.vallonchene.fr\\\/de\\\/shop\\\/\"},{\"@type\":\"ListItem\",\"position\":3,\"name\":\"Online-Verkauf\",\"item\":\"https:\\\/\\\/www.vallonchene.fr\\\/de\\\/produkt-kategorie\\\/online-verkauf-de\\\/\"},{\"@type\":\"ListItem\",\"position\":4,\"name\":\"Baumschule\",\"item\":\"https:\\\/\\\/www.vallonchene.fr\\\/de\\\/produkt-kategorie\\\/online-verkauf-de\\\/baumschule-gaertnerei-de\\\/\"},{\"@type\":\"ListItem\",\"position\":5,\"name\":\"Str\u00e4ucher und B\u00e4ume\",\"item\":\"https:\\\/\\\/www.vallonchene.fr\\\/de\\\/produkt-kategorie\\\/online-verkauf-de\\\/baumschule-gaertnerei-de\\\/straucher-und-baume-de\\\/\"},{\"@type\":\"ListItem\",\"position\":6,\"name\":\"QUERCUS palustris &#8218;Isabel&#8216;\"}]},{\"@type\":\"WebSite\",\"@id\":\"https:\\\/\\\/www.vallonchene.fr\\\/de\\\/#website\",\"url\":\"https:\\\/\\\/www.vallonchene.fr\\\/de\\\/\",\"name\":\"Vallonch\u00eane\",\"description\":\"Die Baumschule, bei der Qualit\u00e4t ihre Wurzeln hat \u2013 Tel.: +49 (0)6838-5399840\",\"publisher\":{\"@id\":\"https:\\\/\\\/www.vallonchene.fr\\\/de\\\/#organization\"},\"potentialAction\":[{\"@type\":\"SearchAction\",\"target\":{\"@type\":\"EntryPoint\",\"urlTemplate\":\"https:\\\/\\\/www.vallonchene.fr\\\/de\\\/?s={search_term_string}\"},\"query-input\":{\"@type\":\"PropertyValueSpecification\",\"valueRequired\":true,\"valueName\":\"search_term_string\"}}],\"inLanguage\":\"de\"},{\"@type\":\"Organization\",\"@id\":\"https:\\\/\\\/www.vallonchene.fr\\\/de\\\/#organization\",\"name\":\"VALLONCHENE\",\"url\":\"https:\\\/\\\/www.vallonchene.fr\\\/de\\\/\",\"logo\":{\"@type\":\"ImageObject\",\"inLanguage\":\"de\",\"@id\":\"https:\\\/\\\/www.vallonchene.fr\\\/de\\\/#\\\/schema\\\/logo\\\/image\\\/\",\"url\":\"https:\\\/\\\/www.vallonchene.fr\\\/wp-content\\\/uploads\\\/2023\\\/03\\\/Logo-Vallonchene-site-et-R_hauteur_100.png\",\"contentUrl\":\"https:\\\/\\\/www.vallonchene.fr\\\/wp-content\\\/uploads\\\/2023\\\/03\\\/Logo-Vallonchene-site-et-R_hauteur_100.png\",\"width\":221,\"height\":100,\"caption\":\"VALLONCHENE\"},\"image\":{\"@id\":\"https:\\\/\\\/www.vallonchene.fr\\\/de\\\/#\\\/schema\\\/logo\\\/image\\\/\"},\"sameAs\":[\"https:\\\/\\\/www.facebook.com\\\/vallonchene.fr\",\"https:\\\/\\\/www.instagram.com\\\/vallonchene\\\/\",\"https:\\\/\\\/www.pinterest.fr\\\/vallonchene\\\/\"],\"taxID\":\"49454502300017\",\"hasMerchantReturnPolicy\":{\"@type\":\"MerchantReturnPolicy\",\"merchantReturnLink\":\"https:\\\/\\\/www.vallonchene.fr\\\/remboursements_retours\\\/\"}}]}<\/script>\n<meta property=\"og:availability\" content=\"instock\" \/>\n<meta property=\"product:availability\" content=\"instock\" \/>\n<meta property=\"product:retailer_item_id\" content=\"11674\" \/>\n<meta property=\"product:condition\" content=\"new\" \/>\n<!-- \/ Yoast SEO Premium plugin. -->","yoast_head_json":{"title":"QUERCUS palustris 'Isabel' - Sumpf-Eiche, Spree-Eiche","description":"Diese Sumpf-Eiche (Spree-Eiche) ist eine Zwergform. Die QUERCUS palustris 'Isabel' f\u00e4rbt sich im Herbst leuchtend. Sie w\u00e4chst langsam und bleibt recht dicht.","robots":{"index":"index","follow":"follow","max-snippet":"max-snippet:-1","max-image-preview":"max-image-preview:large","max-video-preview":"max-video-preview:-1"},"canonical":"https:\/\/www.vallonchene.fr\/de\/produkt\/quercus-palustris-isabel\/","og_locale":"de_DE","og_type":"article","og_title":"QUERCUS palustris 'Isabel'","og_description":"Diese Sumpf-Eiche (Spree-Eiche) ist eine Zwergform. Die QUERCUS palustris 'Isabel' f\u00e4rbt sich im Herbst leuchtend. Sie w\u00e4chst langsam und bleibt recht dicht.","og_url":"https:\/\/www.vallonchene.fr\/de\/produkt\/quercus-palustris-isabel\/","og_site_name":"Vallonch\u00eane","article_publisher":"https:\/\/www.facebook.com\/vallonchene.fr","article_modified_time":"2024-10-02T15:05:43+00:00","og_image":[{"width":1200,"height":1200,"url":"https:\/\/www.vallonchene.fr\/wp-content\/uploads\/2024\/10\/QUERCUS-palustris-Isabel_05.webp","type":"image\/webp"}],"twitter_card":"summary_large_image","twitter_misc":{"Verf\u00fcgbarkeit":"Vorr\u00e4tig"},"schema":{"@context":"https:\/\/schema.org","@graph":[{"@type":"WebPage","@id":"https:\/\/www.vallonchene.fr\/de\/produkt\/quercus-palustris-isabel\/","url":"https:\/\/www.vallonchene.fr\/de\/produkt\/quercus-palustris-isabel\/","name":"QUERCUS palustris 'Isabel' - Sumpf-Eiche, Spree-Eiche","isPartOf":{"@id":"https:\/\/www.vallonchene.fr\/de\/#website"},"primaryImageOfPage":{"@id":"https:\/\/www.vallonchene.fr\/de\/produkt\/quercus-palustris-isabel\/#primaryimage"},"image":{"@id":"https:\/\/www.vallonchene.fr\/de\/produkt\/quercus-palustris-isabel\/#primaryimage"},"thumbnailUrl":"https:\/\/www.vallonchene.fr\/wp-content\/uploads\/2024\/10\/QUERCUS-palustris-Isabel_05.webp","datePublished":"2021-08-31T11:31:36+00:00","dateModified":"2024-10-02T15:05:43+00:00","description":"Diese Sumpf-Eiche (Spree-Eiche) ist eine Zwergform. Die QUERCUS palustris 'Isabel' f\u00e4rbt sich im Herbst leuchtend. Sie w\u00e4chst langsam und bleibt recht dicht.","breadcrumb":{"@id":"https:\/\/www.vallonchene.fr\/de\/produkt\/quercus-palustris-isabel\/#breadcrumb"},"inLanguage":"de","potentialAction":[{"@type":"ReadAction","target":["https:\/\/www.vallonchene.fr\/de\/produkt\/quercus-palustris-isabel\/"]}]},{"@type":"ImageObject","inLanguage":"de","@id":"https:\/\/www.vallonchene.fr\/de\/produkt\/quercus-palustris-isabel\/#primaryimage","url":"https:\/\/www.vallonchene.fr\/wp-content\/uploads\/2024\/10\/QUERCUS-palustris-Isabel_05.webp","contentUrl":"https:\/\/www.vallonchene.fr\/wp-content\/uploads\/2024\/10\/QUERCUS-palustris-Isabel_05.webp","width":1200,"height":1200,"caption":"Leuchtend rotes Laub von QUERCUS palustris 'Isabel'"},{"@type":"BreadcrumbList","@id":"https:\/\/www.vallonchene.fr\/de\/produkt\/quercus-palustris-isabel\/#breadcrumb","itemListElement":[{"@type":"ListItem","position":1,"name":"Home","item":"https:\/\/www.vallonchene.fr\/de\/"},{"@type":"ListItem","position":2,"name":"Shop","item":"https:\/\/www.vallonchene.fr\/de\/shop\/"},{"@type":"ListItem","position":3,"name":"Online-Verkauf","item":"https:\/\/www.vallonchene.fr\/de\/produkt-kategorie\/online-verkauf-de\/"},{"@type":"ListItem","position":4,"name":"Baumschule","item":"https:\/\/www.vallonchene.fr\/de\/produkt-kategorie\/online-verkauf-de\/baumschule-gaertnerei-de\/"},{"@type":"ListItem","position":5,"name":"Str\u00e4ucher und B\u00e4ume","item":"https:\/\/www.vallonchene.fr\/de\/produkt-kategorie\/online-verkauf-de\/baumschule-gaertnerei-de\/straucher-und-baume-de\/"},{"@type":"ListItem","position":6,"name":"QUERCUS palustris &#8218;Isabel&#8216;"}]},{"@type":"WebSite","@id":"https:\/\/www.vallonchene.fr\/de\/#website","url":"https:\/\/www.vallonchene.fr\/de\/","name":"Vallonch\u00eane","description":"Die Baumschule, bei der Qualit\u00e4t ihre Wurzeln hat \u2013 Tel.: +49 (0)6838-5399840","publisher":{"@id":"https:\/\/www.vallonchene.fr\/de\/#organization"},"potentialAction":[{"@type":"SearchAction","target":{"@type":"EntryPoint","urlTemplate":"https:\/\/www.vallonchene.fr\/de\/?s={search_term_string}"},"query-input":{"@type":"PropertyValueSpecification","valueRequired":true,"valueName":"search_term_string"}}],"inLanguage":"de"},{"@type":"Organization","@id":"https:\/\/www.vallonchene.fr\/de\/#organization","name":"VALLONCHENE","url":"https:\/\/www.vallonchene.fr\/de\/","logo":{"@type":"ImageObject","inLanguage":"de","@id":"https:\/\/www.vallonchene.fr\/de\/#\/schema\/logo\/image\/","url":"https:\/\/www.vallonchene.fr\/wp-content\/uploads\/2023\/03\/Logo-Vallonchene-site-et-R_hauteur_100.png","contentUrl":"https:\/\/www.vallonchene.fr\/wp-content\/uploads\/2023\/03\/Logo-Vallonchene-site-et-R_hauteur_100.png","width":221,"height":100,"caption":"VALLONCHENE"},"image":{"@id":"https:\/\/www.vallonchene.fr\/de\/#\/schema\/logo\/image\/"},"sameAs":["https:\/\/www.facebook.com\/vallonchene.fr","https:\/\/www.instagram.com\/vallonchene\/","https:\/\/www.pinterest.fr\/vallonchene\/"],"taxID":"49454502300017","hasMerchantReturnPolicy":{"@type":"MerchantReturnPolicy","merchantReturnLink":"https:\/\/www.vallonchene.fr\/remboursements_retours\/"}}]},"og_availability":"instock","product_availability":"instock","product_retailer_item_id":"11674","product_condition":"new"},"_links":{"self":[{"href":"https:\/\/www.vallonchene.fr\/de\/wp-json\/wp\/v2\/product\/12278","targetHints":{"allow":["GET"]}}],"collection":[{"href":"https:\/\/www.vallonchene.fr\/de\/wp-json\/wp\/v2\/product"}],"about":[{"href":"https:\/\/www.vallonchene.fr\/de\/wp-json\/wp\/v2\/types\/product"}],"replies":[{"embeddable":true,"href":"https:\/\/www.vallonchene.fr\/de\/wp-json\/wp\/v2\/comments?post=12278"}],"wp:featuredmedia":[{"embeddable":true,"href":"https:\/\/www.vallonchene.fr\/de\/wp-json\/wp\/v2\/media\/49456"}],"wp:attachment":[{"href":"https:\/\/www.vallonchene.fr\/de\/wp-json\/wp\/v2\/media?parent=12278"}],"wp:term":[{"taxonomy":"product_brand","embeddable":true,"href":"https:\/\/www.vallonchene.fr\/de\/wp-json\/wp\/v2\/product_brand?post=12278"},{"taxonomy":"product_cat","embeddable":true,"href":"https:\/\/www.vallonchene.fr\/de\/wp-json\/wp\/v2\/product_cat?post=12278"},{"taxonomy":"product_tag","embeddable":true,"href":"https:\/\/www.vallonchene.fr\/de\/wp-json\/wp\/v2\/product_tag?post=12278"}],"curies":[{"name":"wp","href":"https:\/\/api.w.org\/{rel}","templated":true}]}}