{"id":11474,"date":"2021-08-31T10:54:54","date_gmt":"2021-08-31T10:54:54","guid":{"rendered":"https:\/\/testing.vallonchene.fr\/produit\/crataegus-laevigata-paul-s-scarlet\/"},"modified":"2024-07-03T08:06:58","modified_gmt":"2024-07-03T08:06:58","slug":"crataegus-laevigata-paul-s-scarlet","status":"publish","type":"product","link":"https:\/\/www.vallonchene.fr\/de\/produkt\/crataegus-laevigata-paul-s-scarlet\/","title":{"rendered":"CRATAEGUS laevigata &#8218;Paul&#8217;s Scarlet&#8216;"},"content":{"rendered":"","protected":false},"excerpt":{"rendered":"<p>Dieser <strong>zweigriffelige Weissdorn<\/strong> hat unz\u00e4hlige, tiefrote, doppelte Bl\u00fcten im Fr\u00fchling. Anschliessend entwickelt der <strong>CRATAEGUS laevigata &#8218;Paul&#8217;s Scarlet&#8216;<\/strong> rote Fr\u00fcchte. Das Laub wird im Herbst leuchtend gelb.<\/p>\n","protected":false},"featured_media":47294,"comment_status":"open","ping_status":"closed","template":"","meta":[],"product_brand":[],"product_cat":[252],"product_tag":[],"class_list":{"0":"post-11474","1":"product","2":"type-product","3":"status-publish","4":"has-post-thumbnail","6":"product_cat-straucher-und-baume-de","7":"pa_99-hauteurapproximativeapres1-150a200m-de","8":"pa_expositionspossibles-ce-halbschattigsonnezw12und17-de","9":"pa_expositionspossibles-sonnigvon12bis17uhr-de","10":"pa_hauteurlivree-125-bis-150-cm","11":"pa_hauteurlivree-175-bis-200-cm","12":"pa_hauteurlivree-300-bis-350-cm","13":"pa_tailledepot-10liter_topf-de","14":"pa_tailledepot-15liter_topf-de","15":"pa_tailledepot-3liter_topf-de","16":"pa_tailledepot-75liter_topf-de","18":"first","19":"instock","20":"taxable","21":"shipping-taxable","22":"purchasable","23":"product-type-variable","24":"has-default-attributes"},"supplier_id":null,"supplier_sku":"","barcode":null,"atum_controlled":true,"out_stock_date":null,"out_stock_threshold":null,"inheritable":true,"inbound_stock":0,"stock_on_hold":0,"sold_today":0,"sales_last_days":0,"reserved_stock":0,"customer_returns":0,"warehouse_damage":0,"lost_in_post":0,"other_logs":0,"out_stock_days":null,"lost_sales":0,"has_location":false,"update_date":"2026-03-21T15:36:30","atum_locations":[],"atum_stock_status":"instock","restock_status":false,"low_stock_amount":"","sales_update_date":"2024-01-07T09:32:04","calc_backorders":null,"yoast_head":"<!-- This site is optimized with the Yoast SEO Premium plugin v27.4 (Yoast SEO v27.4) - https:\/\/yoast.com\/product\/yoast-seo-premium-wordpress\/ -->\n<title>CRATAEGUS laevigata &#039;Paul&#039;s Scarlet&#039; - Zweigriffeliger Weissdorn<\/title>\n<meta name=\"description\" content=\"Dieser zweigriffelige Weissdorn hat unz\u00e4hlige, tiefrote, doppelte Bl\u00fcten im Fr\u00fchling. Anschliessend entwickelt der CRATAEGUS laevigata &#039;Paul&#039;s Scarlet&#039; rote Fr\u00fcchte. Das Laub wird im Herbst leuchtend...\" \/>\n<meta name=\"robots\" content=\"index, follow, max-snippet:-1, max-image-preview:large, max-video-preview:-1\" \/>\n<link rel=\"canonical\" href=\"https:\/\/www.vallonchene.fr\/de\/produkt\/crataegus-laevigata-paul-s-scarlet\/\" \/>\n<meta property=\"og:locale\" content=\"de_DE\" \/>\n<meta property=\"og:type\" content=\"article\" \/>\n<meta property=\"og:title\" content=\"CRATAEGUS laevigata &#039;Paul&#039;s Scarlet&#039;\" \/>\n<meta property=\"og:description\" content=\"Dieser zweigriffelige Weissdorn hat unz\u00e4hlige, tiefrote, doppelte Bl\u00fcten im Fr\u00fchling. Anschliessend entwickelt der CRATAEGUS laevigata &#039;Paul&#039;s Scarlet&#039; rote Fr\u00fcchte. Das Laub wird im Herbst leuchtend...\" \/>\n<meta property=\"og:url\" content=\"https:\/\/www.vallonchene.fr\/de\/produkt\/crataegus-laevigata-paul-s-scarlet\/\" \/>\n<meta property=\"og:site_name\" content=\"Vallonch\u00eane\" \/>\n<meta property=\"article:publisher\" content=\"https:\/\/www.facebook.com\/vallonchene.fr\" \/>\n<meta property=\"article:modified_time\" content=\"2024-07-03T08:06:58+00:00\" \/>\n<meta property=\"og:image\" content=\"https:\/\/www.vallonchene.fr\/wp-content\/uploads\/2021\/08\/1151-542-CRATAEGUS-laevigata-Pauls-Scarlet-en-Mai.jpg\" \/>\n\t<meta property=\"og:image:width\" content=\"1600\" \/>\n\t<meta property=\"og:image:height\" content=\"1600\" \/>\n\t<meta property=\"og:image:type\" content=\"image\/jpeg\" \/>\n<meta name=\"twitter:card\" content=\"summary_large_image\" \/>\n<meta name=\"twitter:label1\" content=\"Verf\u00fcgbarkeit\" \/>\n\t<meta name=\"twitter:data1\" content=\"Vorr\u00e4tig\" \/>\n<script type=\"application\/ld+json\" class=\"yoast-schema-graph\">{\"@context\":\"https:\\\/\\\/schema.org\",\"@graph\":[{\"@type\":\"WebPage\",\"@id\":\"https:\\\/\\\/www.vallonchene.fr\\\/de\\\/produkt\\\/crataegus-laevigata-paul-s-scarlet\\\/\",\"url\":\"https:\\\/\\\/www.vallonchene.fr\\\/de\\\/produkt\\\/crataegus-laevigata-paul-s-scarlet\\\/\",\"name\":\"CRATAEGUS laevigata 'Paul's Scarlet' - Zweigriffeliger Weissdorn\",\"isPartOf\":{\"@id\":\"https:\\\/\\\/www.vallonchene.fr\\\/de\\\/#website\"},\"primaryImageOfPage\":{\"@id\":\"https:\\\/\\\/www.vallonchene.fr\\\/de\\\/produkt\\\/crataegus-laevigata-paul-s-scarlet\\\/#primaryimage\"},\"image\":{\"@id\":\"https:\\\/\\\/www.vallonchene.fr\\\/de\\\/produkt\\\/crataegus-laevigata-paul-s-scarlet\\\/#primaryimage\"},\"thumbnailUrl\":\"https:\\\/\\\/www.vallonchene.fr\\\/wp-content\\\/uploads\\\/2024\\\/05\\\/CRATAEGUS-laevigata-Pauls-Scarlet_01.webp\",\"datePublished\":\"2021-08-31T10:54:54+00:00\",\"dateModified\":\"2024-07-03T08:06:58+00:00\",\"description\":\"Dieser zweigriffelige Weissdorn hat unz\u00e4hlige, tiefrote, doppelte Bl\u00fcten im Fr\u00fchling. Anschliessend entwickelt der CRATAEGUS laevigata 'Paul's Scarlet' rote Fr\u00fcchte. Das Laub wird im Herbst leuchtend...\",\"breadcrumb\":{\"@id\":\"https:\\\/\\\/www.vallonchene.fr\\\/de\\\/produkt\\\/crataegus-laevigata-paul-s-scarlet\\\/#breadcrumb\"},\"inLanguage\":\"de\",\"potentialAction\":[{\"@type\":\"ReadAction\",\"target\":[\"https:\\\/\\\/www.vallonchene.fr\\\/de\\\/produkt\\\/crataegus-laevigata-paul-s-scarlet\\\/\"]}]},{\"@type\":\"ImageObject\",\"inLanguage\":\"de\",\"@id\":\"https:\\\/\\\/www.vallonchene.fr\\\/de\\\/produkt\\\/crataegus-laevigata-paul-s-scarlet\\\/#primaryimage\",\"url\":\"https:\\\/\\\/www.vallonchene.fr\\\/wp-content\\\/uploads\\\/2024\\\/05\\\/CRATAEGUS-laevigata-Pauls-Scarlet_01.webp\",\"contentUrl\":\"https:\\\/\\\/www.vallonchene.fr\\\/wp-content\\\/uploads\\\/2024\\\/05\\\/CRATAEGUS-laevigata-Pauls-Scarlet_01.webp\",\"width\":1024,\"height\":1024,\"caption\":\"Vollst\u00e4ndig ge\u00f6ffnete Bl\u00fcten von CRATAEGUS laevigata 'Paul's Scarlet'\"},{\"@type\":\"BreadcrumbList\",\"@id\":\"https:\\\/\\\/www.vallonchene.fr\\\/de\\\/produkt\\\/crataegus-laevigata-paul-s-scarlet\\\/#breadcrumb\",\"itemListElement\":[{\"@type\":\"ListItem\",\"position\":1,\"name\":\"Home\",\"item\":\"https:\\\/\\\/www.vallonchene.fr\\\/de\\\/\"},{\"@type\":\"ListItem\",\"position\":2,\"name\":\"Shop\",\"item\":\"https:\\\/\\\/www.vallonchene.fr\\\/de\\\/shop\\\/\"},{\"@type\":\"ListItem\",\"position\":3,\"name\":\"Online-Verkauf\",\"item\":\"https:\\\/\\\/www.vallonchene.fr\\\/de\\\/produkt-kategorie\\\/online-verkauf-de\\\/\"},{\"@type\":\"ListItem\",\"position\":4,\"name\":\"Baumschule\",\"item\":\"https:\\\/\\\/www.vallonchene.fr\\\/de\\\/produkt-kategorie\\\/online-verkauf-de\\\/baumschule-gaertnerei-de\\\/\"},{\"@type\":\"ListItem\",\"position\":5,\"name\":\"Str\u00e4ucher und B\u00e4ume\",\"item\":\"https:\\\/\\\/www.vallonchene.fr\\\/de\\\/produkt-kategorie\\\/online-verkauf-de\\\/baumschule-gaertnerei-de\\\/straucher-und-baume-de\\\/\"},{\"@type\":\"ListItem\",\"position\":6,\"name\":\"CRATAEGUS laevigata &#8218;Paul&#8217;s Scarlet&#8216;\"}]},{\"@type\":\"WebSite\",\"@id\":\"https:\\\/\\\/www.vallonchene.fr\\\/de\\\/#website\",\"url\":\"https:\\\/\\\/www.vallonchene.fr\\\/de\\\/\",\"name\":\"Vallonch\u00eane\",\"description\":\"Die Baumschule, bei der Qualit\u00e4t ihre Wurzeln hat \u2013 Tel.: +49 (0)6838-5399840\",\"publisher\":{\"@id\":\"https:\\\/\\\/www.vallonchene.fr\\\/de\\\/#organization\"},\"potentialAction\":[{\"@type\":\"SearchAction\",\"target\":{\"@type\":\"EntryPoint\",\"urlTemplate\":\"https:\\\/\\\/www.vallonchene.fr\\\/de\\\/?s={search_term_string}\"},\"query-input\":{\"@type\":\"PropertyValueSpecification\",\"valueRequired\":true,\"valueName\":\"search_term_string\"}}],\"inLanguage\":\"de\"},{\"@type\":\"Organization\",\"@id\":\"https:\\\/\\\/www.vallonchene.fr\\\/de\\\/#organization\",\"name\":\"VALLONCHENE\",\"url\":\"https:\\\/\\\/www.vallonchene.fr\\\/de\\\/\",\"logo\":{\"@type\":\"ImageObject\",\"inLanguage\":\"de\",\"@id\":\"https:\\\/\\\/www.vallonchene.fr\\\/de\\\/#\\\/schema\\\/logo\\\/image\\\/\",\"url\":\"https:\\\/\\\/www.vallonchene.fr\\\/wp-content\\\/uploads\\\/2023\\\/03\\\/Logo-Vallonchene-site-et-R_hauteur_100.png\",\"contentUrl\":\"https:\\\/\\\/www.vallonchene.fr\\\/wp-content\\\/uploads\\\/2023\\\/03\\\/Logo-Vallonchene-site-et-R_hauteur_100.png\",\"width\":221,\"height\":100,\"caption\":\"VALLONCHENE\"},\"image\":{\"@id\":\"https:\\\/\\\/www.vallonchene.fr\\\/de\\\/#\\\/schema\\\/logo\\\/image\\\/\"},\"sameAs\":[\"https:\\\/\\\/www.facebook.com\\\/vallonchene.fr\",\"https:\\\/\\\/www.instagram.com\\\/vallonchene\\\/\",\"https:\\\/\\\/www.pinterest.fr\\\/vallonchene\\\/\"],\"taxID\":\"49454502300017\",\"hasMerchantReturnPolicy\":{\"@type\":\"MerchantReturnPolicy\",\"merchantReturnLink\":\"https:\\\/\\\/www.vallonchene.fr\\\/remboursements_retours\\\/\"}}]}<\/script>\n<meta property=\"og:availability\" content=\"instock\" \/>\n<meta property=\"product:availability\" content=\"instock\" \/>\n<meta property=\"product:retailer_item_id\" content=\"85771\" \/>\n<meta property=\"product:condition\" content=\"new\" \/>\n<!-- \/ Yoast SEO Premium plugin. -->","yoast_head_json":{"title":"CRATAEGUS laevigata 'Paul's Scarlet' - Zweigriffeliger Weissdorn","description":"Dieser zweigriffelige Weissdorn hat unz\u00e4hlige, tiefrote, doppelte Bl\u00fcten im Fr\u00fchling. Anschliessend entwickelt der CRATAEGUS laevigata 'Paul's Scarlet' rote Fr\u00fcchte. Das Laub wird im Herbst leuchtend...","robots":{"index":"index","follow":"follow","max-snippet":"max-snippet:-1","max-image-preview":"max-image-preview:large","max-video-preview":"max-video-preview:-1"},"canonical":"https:\/\/www.vallonchene.fr\/de\/produkt\/crataegus-laevigata-paul-s-scarlet\/","og_locale":"de_DE","og_type":"article","og_title":"CRATAEGUS laevigata 'Paul's Scarlet'","og_description":"Dieser zweigriffelige Weissdorn hat unz\u00e4hlige, tiefrote, doppelte Bl\u00fcten im Fr\u00fchling. Anschliessend entwickelt der CRATAEGUS laevigata 'Paul's Scarlet' rote Fr\u00fcchte. Das Laub wird im Herbst leuchtend...","og_url":"https:\/\/www.vallonchene.fr\/de\/produkt\/crataegus-laevigata-paul-s-scarlet\/","og_site_name":"Vallonch\u00eane","article_publisher":"https:\/\/www.facebook.com\/vallonchene.fr","article_modified_time":"2024-07-03T08:06:58+00:00","og_image":[{"width":1600,"height":1600,"url":"https:\/\/www.vallonchene.fr\/wp-content\/uploads\/2021\/08\/1151-542-CRATAEGUS-laevigata-Pauls-Scarlet-en-Mai.jpg","type":"image\/jpeg"}],"twitter_card":"summary_large_image","twitter_misc":{"Verf\u00fcgbarkeit":"Vorr\u00e4tig"},"schema":{"@context":"https:\/\/schema.org","@graph":[{"@type":"WebPage","@id":"https:\/\/www.vallonchene.fr\/de\/produkt\/crataegus-laevigata-paul-s-scarlet\/","url":"https:\/\/www.vallonchene.fr\/de\/produkt\/crataegus-laevigata-paul-s-scarlet\/","name":"CRATAEGUS laevigata 'Paul's Scarlet' - Zweigriffeliger Weissdorn","isPartOf":{"@id":"https:\/\/www.vallonchene.fr\/de\/#website"},"primaryImageOfPage":{"@id":"https:\/\/www.vallonchene.fr\/de\/produkt\/crataegus-laevigata-paul-s-scarlet\/#primaryimage"},"image":{"@id":"https:\/\/www.vallonchene.fr\/de\/produkt\/crataegus-laevigata-paul-s-scarlet\/#primaryimage"},"thumbnailUrl":"https:\/\/www.vallonchene.fr\/wp-content\/uploads\/2024\/05\/CRATAEGUS-laevigata-Pauls-Scarlet_01.webp","datePublished":"2021-08-31T10:54:54+00:00","dateModified":"2024-07-03T08:06:58+00:00","description":"Dieser zweigriffelige Weissdorn hat unz\u00e4hlige, tiefrote, doppelte Bl\u00fcten im Fr\u00fchling. Anschliessend entwickelt der CRATAEGUS laevigata 'Paul's Scarlet' rote Fr\u00fcchte. Das Laub wird im Herbst leuchtend...","breadcrumb":{"@id":"https:\/\/www.vallonchene.fr\/de\/produkt\/crataegus-laevigata-paul-s-scarlet\/#breadcrumb"},"inLanguage":"de","potentialAction":[{"@type":"ReadAction","target":["https:\/\/www.vallonchene.fr\/de\/produkt\/crataegus-laevigata-paul-s-scarlet\/"]}]},{"@type":"ImageObject","inLanguage":"de","@id":"https:\/\/www.vallonchene.fr\/de\/produkt\/crataegus-laevigata-paul-s-scarlet\/#primaryimage","url":"https:\/\/www.vallonchene.fr\/wp-content\/uploads\/2024\/05\/CRATAEGUS-laevigata-Pauls-Scarlet_01.webp","contentUrl":"https:\/\/www.vallonchene.fr\/wp-content\/uploads\/2024\/05\/CRATAEGUS-laevigata-Pauls-Scarlet_01.webp","width":1024,"height":1024,"caption":"Vollst\u00e4ndig ge\u00f6ffnete Bl\u00fcten von CRATAEGUS laevigata 'Paul's Scarlet'"},{"@type":"BreadcrumbList","@id":"https:\/\/www.vallonchene.fr\/de\/produkt\/crataegus-laevigata-paul-s-scarlet\/#breadcrumb","itemListElement":[{"@type":"ListItem","position":1,"name":"Home","item":"https:\/\/www.vallonchene.fr\/de\/"},{"@type":"ListItem","position":2,"name":"Shop","item":"https:\/\/www.vallonchene.fr\/de\/shop\/"},{"@type":"ListItem","position":3,"name":"Online-Verkauf","item":"https:\/\/www.vallonchene.fr\/de\/produkt-kategorie\/online-verkauf-de\/"},{"@type":"ListItem","position":4,"name":"Baumschule","item":"https:\/\/www.vallonchene.fr\/de\/produkt-kategorie\/online-verkauf-de\/baumschule-gaertnerei-de\/"},{"@type":"ListItem","position":5,"name":"Str\u00e4ucher und B\u00e4ume","item":"https:\/\/www.vallonchene.fr\/de\/produkt-kategorie\/online-verkauf-de\/baumschule-gaertnerei-de\/straucher-und-baume-de\/"},{"@type":"ListItem","position":6,"name":"CRATAEGUS laevigata &#8218;Paul&#8217;s Scarlet&#8216;"}]},{"@type":"WebSite","@id":"https:\/\/www.vallonchene.fr\/de\/#website","url":"https:\/\/www.vallonchene.fr\/de\/","name":"Vallonch\u00eane","description":"Die Baumschule, bei der Qualit\u00e4t ihre Wurzeln hat \u2013 Tel.: +49 (0)6838-5399840","publisher":{"@id":"https:\/\/www.vallonchene.fr\/de\/#organization"},"potentialAction":[{"@type":"SearchAction","target":{"@type":"EntryPoint","urlTemplate":"https:\/\/www.vallonchene.fr\/de\/?s={search_term_string}"},"query-input":{"@type":"PropertyValueSpecification","valueRequired":true,"valueName":"search_term_string"}}],"inLanguage":"de"},{"@type":"Organization","@id":"https:\/\/www.vallonchene.fr\/de\/#organization","name":"VALLONCHENE","url":"https:\/\/www.vallonchene.fr\/de\/","logo":{"@type":"ImageObject","inLanguage":"de","@id":"https:\/\/www.vallonchene.fr\/de\/#\/schema\/logo\/image\/","url":"https:\/\/www.vallonchene.fr\/wp-content\/uploads\/2023\/03\/Logo-Vallonchene-site-et-R_hauteur_100.png","contentUrl":"https:\/\/www.vallonchene.fr\/wp-content\/uploads\/2023\/03\/Logo-Vallonchene-site-et-R_hauteur_100.png","width":221,"height":100,"caption":"VALLONCHENE"},"image":{"@id":"https:\/\/www.vallonchene.fr\/de\/#\/schema\/logo\/image\/"},"sameAs":["https:\/\/www.facebook.com\/vallonchene.fr","https:\/\/www.instagram.com\/vallonchene\/","https:\/\/www.pinterest.fr\/vallonchene\/"],"taxID":"49454502300017","hasMerchantReturnPolicy":{"@type":"MerchantReturnPolicy","merchantReturnLink":"https:\/\/www.vallonchene.fr\/remboursements_retours\/"}}]},"og_availability":"instock","product_availability":"instock","product_retailer_item_id":"85771","product_condition":"new"},"_links":{"self":[{"href":"https:\/\/www.vallonchene.fr\/de\/wp-json\/wp\/v2\/product\/11474","targetHints":{"allow":["GET"]}}],"collection":[{"href":"https:\/\/www.vallonchene.fr\/de\/wp-json\/wp\/v2\/product"}],"about":[{"href":"https:\/\/www.vallonchene.fr\/de\/wp-json\/wp\/v2\/types\/product"}],"replies":[{"embeddable":true,"href":"https:\/\/www.vallonchene.fr\/de\/wp-json\/wp\/v2\/comments?post=11474"}],"wp:featuredmedia":[{"embeddable":true,"href":"https:\/\/www.vallonchene.fr\/de\/wp-json\/wp\/v2\/media\/47294"}],"wp:attachment":[{"href":"https:\/\/www.vallonchene.fr\/de\/wp-json\/wp\/v2\/media?parent=11474"}],"wp:term":[{"taxonomy":"product_brand","embeddable":true,"href":"https:\/\/www.vallonchene.fr\/de\/wp-json\/wp\/v2\/product_brand?post=11474"},{"taxonomy":"product_cat","embeddable":true,"href":"https:\/\/www.vallonchene.fr\/de\/wp-json\/wp\/v2\/product_cat?post=11474"},{"taxonomy":"product_tag","embeddable":true,"href":"https:\/\/www.vallonchene.fr\/de\/wp-json\/wp\/v2\/product_tag?post=11474"}],"curies":[{"name":"wp","href":"https:\/\/api.w.org\/{rel}","templated":true}]}}