{"id":10334,"date":"2021-08-31T11:31:47","date_gmt":"2021-08-31T10:31:47","guid":{"rendered":"https:\/\/testing.vallonchene.fr\/produit\/rhamnus-frangula-aspleniifolia\/"},"modified":"2024-03-09T14:51:00","modified_gmt":"2024-03-09T14:51:00","slug":"frangula-alnus-aspleniifolia","status":"publish","type":"product","link":"https:\/\/www.vallonchene.fr\/de\/produkt\/frangula-alnus-aspleniifolia\/","title":{"rendered":"FRANGULA alnus &#8218;Aspleniifolia&#8216;"},"content":{"rendered":"\r\n<p><strong>FRANGULA alnus &#8218;Aspleniifolia&#8216;<\/strong> hie\u00df fr\u00fcher <strong>RHAMNUS frangula &#8218;Aspleniifolia&#8216;<\/strong>. Sie tr\u00e4gt den einheimischen Namen <strong>Faulbaum<\/strong>, aber verbreitet <strong>keinen unangenehmen Duft<\/strong>. <br \/>Dieser kleine Strauch, der <strong>nicht gr\u00f6\u00dfer als zwei Meter<\/strong> wird, entwickelt <strong>gr\u00fcnes und \u00e4u\u00dferst feines Laub<\/strong>. <br \/>Die Bl\u00e4tter sind nur wenige Millimeter breit und etwa 7 cm lang. Sie verleihen ihm ein <strong>leichtes und elegantes Aussehen<\/strong>. <br \/>Im Herbst beginnt dann das Spektakel: Das Laub nimmt dann eine <strong>leuchtend gelbe Farbe<\/strong> an und bringt einen Hauch von Licht in den Garten. <br \/>Wenn schlie\u00dflich die Bl\u00e4tter abgefallen sind, entdecken wir f\u00fcr den Rest des Winters die sehr <strong>regelm\u00e4\u00dfigen und feinen Zweige<\/strong>.<\/p>\r\n<p>Um die anderen derzeit erh\u00e4ltlichen FRANGULA-Sorten anzuzeigen, <a href=\"https:\/\/www.vallonchene.fr\/de\/?s=frangula&amp;post_type=product&amp;dgwt_wcas=1&amp;lang=de&amp;filter_stock_status=instock\"><strong>klicken Sie bitte hier<\/strong><\/a>.<\/p>\r\n\r\n\r\n\r\n\r\n\r\n<h2 id=\"h-wie-man-frangula-alnus-aspleniifolia-pflanzt-und-pflegt\" class=\"wp-block-heading\">Wie man FRANGULA alnus &#8218;Aspleniifolia&#8216; pflanzt und pflegt<\/h2>\r\n\r\n\r\n\r\n<p>Der Faulbaum w\u00e4chst gut an <strong>trockenen, m\u00e4\u00dfig feuchten oder feuchten<\/strong> Standorten. Suchen Sie sich einen <strong>vollsonnigen oder halbschattigen Standort<\/strong> mit <strong>leichtem, normalem oder schwerem Boden<\/strong> und einem <strong>sauren, neutralen oder kalkhaltigen<\/strong> pH-Wert.<\/p>\r\n<p>Sie k\u00f6nnen diesen Strauch in einen <strong>K\u00fcbel, in ein Blumenbeet oder sogar in eine Hecke<\/strong> pflanzen. Er vertr\u00e4gt Temperaturen unter -20\u00a0\u00b0C.<\/p>\r\n<p>Beschneiden Sie FRANGULA alnus \u201eAspleniifolia\u201c im <strong>Januar oder Februar<\/strong>, aber nur, wenn es wirklich notwendig ist.<\/p>\r\n<p>F\u00fcr eine gute Vorbereitung des Topfes oder des Pflanzlochs haben wir <a href=\"https:\/\/www.vallonchene.fr\/de\/wie-man-pflanzen-pflanzt-und-pflegt\/\" target=\"_blank\" rel=\"noreferrer noopener\"><strong>hier eine spezielle Anleitung zusammengestellt<\/strong><\/a>. Entdecken Sie hier, <a href=\"https:\/\/www.vallonchene.fr\/de\/den-garten-richtig-bewaessern-und-wasser-sparen\/\"><strong>wie man den Garten richtig bew\u00e4ssert und gleichzeitig Wasser spart<\/strong><\/a>.<\/p>\r\n\r\n\r\n\r\n\r\n\r\n\r\n\r\n\r\n\r\n<h2 id=\"h-geschichte-und-herkunft\" class=\"wp-block-heading\">Geschichte und Herkunft<\/h2>\r\n\r\n\r\n\r\n<p>Der nat\u00fcrliche Lebensraum der FRANGULA ist recht ausgedehnt. Sie kommt <strong>endemisch von <a href=\"https:\/\/de.wikipedia.org\/wiki\/Westeuropa\" target=\"_blank\" rel=\"noreferrer noopener\">Westeuropa<\/a> bis <a href=\"https:\/\/de.wikipedia.org\/wiki\/Sibirien\" target=\"_blank\" rel=\"noreferrer noopener\">Sibirien<\/a><\/strong> vor.<\/p>\r\n<p>Die Bl\u00fcten der Typusart stellen eine <strong>Nahrungsquelle f\u00fcr Bienen<\/strong> sowie f\u00fcr den pr\u00e4chtigen <a href=\"https:\/\/de.wikipedia.org\/wiki\/Zitronenfalter\" target=\"_blank\" rel=\"noreferrer noopener\"><strong>Zitronenfalter (Gonepteryx rhamni)<\/strong><\/a> dar. <strong>V\u00f6gel lieben die Fr\u00fcchte<\/strong>.<\/p>\r\n<p>Diese Art ist heute in ihrem nat\u00fcrlichen Lebensraum in Nordirland bedroht, wo die Feuchtgebiete zunehmend verschwinden.<\/p>\r\n<p>FRANGULA alnus \u201eAspleniifolia\u201c wird haupts\u00e4chlich wegen seiner dekorativen Eigenschaften gepflanzt.<\/p>\r\n<p>Die Rinde von FRANGULA alnus wird medizinisch verwendet.<\/p>\r\n<p>Holzkohle aus F. alnus wird f\u00fcr die Herstellung von Schie\u00dfpulver sehr gesch\u00e4tzt.<\/p>\r\n<p>Das Holz wurde auch zur Herstellung von Schuhschablonen und N\u00e4geln verwendet. Die Rinde liefert au\u00dferdem einen gelben Farbstoff und die Beeren einen gr\u00fcnen Farbstoff.<\/p>\r\n\r\n\r\n\r\n\r\n\r\n\r\n\r\n\r\n\r\n\r\n\r\n\r\n","protected":false},"excerpt":{"rendered":"<p><strong>FRANGULA alnus &#8218;Aspleniifolia&#8216;<\/strong> auch <strong>RHAMNUS frangula &#8218;Aspleniifolia&#8216;<\/strong> gennant hat sehr feines, schmales und gr\u00fcnd Laub. Im Herbst werden die Bl\u00e4tter leuchted gelb.<\/p>\n","protected":false},"featured_media":42791,"comment_status":"open","ping_status":"closed","template":"","meta":[],"product_brand":[],"product_cat":[253],"product_tag":[10668,10665,10666,10667],"class_list":{"0":"post-10334","1":"product","2":"type-product","3":"status-publish","4":"has-post-thumbnail","6":"product_cat-shrubs-and-trees-en","7":"product_tag-aspleniifolia-en","8":"product_tag-rhamnus-en","9":"product_tag-rhamnus-frangula-en","10":"product_tag-rhamnus-frangula-aspleniifolia-en","11":"pa_99-hauteurapproximativeapres1-150a200m-en","12":"pa_couleurautomnaledufeuillage-yellow-en","13":"pa_couleurdesfleurs-white-en","14":"pa_couleurdufeuillage-green-en","15":"pa_exigencesenhumidite-humid-en","16":"pa_exigencesenhumidite-mean-en","17":"pa_exigencesenhumidite-dry-en","18":"pa_expositionspossibles-27-halfshadenosunfromnoonunti-en","19":"pa_expositionspossibles-34-fullsunfromnoonuntil5pmmin-en","20":"pa_hauteurlivree-100-to-125-cm","21":"pa_hauteurlivree-125-to-150-cm","22":"pa_hauteurlivree-150-to-175-cm","23":"pa_hauteurlivree-175-to-200-cm","24":"pa_hauteurlivree-25-to-30-cm","25":"pa_hauteurlivree-30-to-40-cm","26":"pa_hauteurlivree-300-to-350-cm","27":"pa_hauteurlivree-40-to-50-cm","28":"pa_hauteurlivree-40-to-60-cm","29":"pa_hauteurlivree-50-to-60-cm","30":"pa_hauteurlivree-60-to-80-cm","31":"pa_hauteurlivree-70-to-80-cm","32":"pa_hauteurlivree-80-to-100-cm","33":"pa_interetauprintemps-shape-en","34":"pa_interetauprintemps-foliage-en","35":"pa_interetenautomne-shape-en","36":"pa_interetenautomne-foliage-en","37":"pa_interetenete-shape-en","38":"pa_interetenete-foliage-en","39":"pa_interetenhiver-shape-en","40":"pa_naturedufeuillage-deciduous-en","41":"pa_naturesdesolpossibles-light-en","42":"pa_naturesdesolpossibles-normal-en","43":"pa_naturesdesolpossibles-heavy-en","44":"pa_periodedefloraison-spring-en","45":"pa_periodedetaille-febr-en","46":"pa_periodedetaille-jan-en","47":"pa_phdusolacceptable-calcareousmorethan75-en","48":"pa_phdusolacceptable-neutralbetween65and75-en","49":"pa_phdusolacceptable-acidlessthan65-en","50":"pa_resistanceaufroidrusticite-hardyuntil_20c-en","51":"pa_tailledepot-1literpot-en","52":"pa_tailledepot-10literpot-en","53":"pa_tailledepot-15literpot-en","54":"pa_tailledepot-2literpot-en","55":"pa_tailledepot-3literpot-en","56":"pa_tailledepot-30literpot-en","57":"pa_tailledepot-35literpot-en","58":"pa_tailledepot-4literpot-en","59":"pa_tailledepot-5literpot-en","60":"pa_tailledepot-7cmpot-en","61":"pa_tailledepot-75literpot-en","62":"pa_tailledepot-ball-en","63":"pa_tailledepot-bare-roots","64":"pa_utilisationpossible-bedding-en","65":"pa_utilisationpossible-hedge-en","66":"pa_utilisationpossible-pot-en","68":"first","69":"instock","70":"taxable","71":"shipping-taxable","72":"purchasable","73":"product-type-variable"},"supplier_id":null,"supplier_sku":"","barcode":null,"atum_controlled":true,"out_stock_date":null,"out_stock_threshold":null,"inheritable":true,"inbound_stock":0,"stock_on_hold":0,"sold_today":0,"sales_last_days":0,"reserved_stock":0,"customer_returns":0,"warehouse_damage":0,"lost_in_post":0,"other_logs":0,"out_stock_days":null,"lost_sales":0,"has_location":false,"update_date":"2026-01-28T14:37:11","atum_locations":[],"atum_stock_status":"instock","restock_status":false,"low_stock_amount":"","sales_update_date":"2024-01-07T09:38:31","calc_backorders":null,"yoast_head":"<!-- This site is optimized with the Yoast SEO Premium plugin v27.5 (Yoast SEO v27.5) - https:\/\/yoast.com\/product\/yoast-seo-premium-wordpress\/ -->\n<title>FRANGULA alnus &#039;Aspleniifolia&#039; - RHAMNUS frangula &#039;Aspleniifolia&#039;<\/title>\n<meta name=\"description\" content=\"FRANGULA alnus &#039;Aspleniifolia&#039;, auch RHAMNUS frangula &#039;Aspleniifolia&#039; gennant, hat sehr schmales gr\u00fcnes Laub, das im Herbst leuchtend gelb wird.\" \/>\n<meta name=\"robots\" content=\"index, follow, max-snippet:-1, max-image-preview:large, max-video-preview:-1\" \/>\n<link rel=\"canonical\" href=\"https:\/\/www.vallonchene.fr\/de\/produkt\/frangula-alnus-aspleniifolia\/\" \/>\n<meta property=\"og:locale\" content=\"de_DE\" \/>\n<meta property=\"og:type\" content=\"article\" \/>\n<meta property=\"og:title\" content=\"FRANGULA alnus &#039;Aspleniifolia&#039;\" \/>\n<meta property=\"og:description\" content=\"FRANGULA alnus &#039;Aspleniifolia&#039;, auch RHAMNUS frangula &#039;Aspleniifolia&#039; gennant, hat sehr schmales gr\u00fcnes Laub, das im Herbst leuchtend gelb wird.\" \/>\n<meta property=\"og:url\" content=\"https:\/\/www.vallonchene.fr\/de\/produkt\/frangula-alnus-aspleniifolia\/\" \/>\n<meta property=\"og:site_name\" content=\"Vallonch\u00eane\" \/>\n<meta property=\"article:publisher\" content=\"https:\/\/www.facebook.com\/vallonchene.fr\" \/>\n<meta property=\"article:modified_time\" content=\"2024-03-09T14:51:00+00:00\" \/>\n<meta property=\"og:image\" content=\"https:\/\/www.vallonchene.fr\/wp-content\/uploads\/2023\/09\/FRANGULA-alnus-Fine-Line_01.webp\" \/>\n\t<meta property=\"og:image:width\" content=\"1000\" \/>\n\t<meta property=\"og:image:height\" content=\"1000\" \/>\n\t<meta property=\"og:image:type\" content=\"image\/webp\" \/>\n<meta name=\"twitter:card\" content=\"summary_large_image\" \/>\n<meta name=\"twitter:label1\" content=\"Verf\u00fcgbarkeit\" \/>\n\t<meta name=\"twitter:data1\" content=\"Vorr\u00e4tig\" \/>\n<script type=\"application\/ld+json\" class=\"yoast-schema-graph\">{\"@context\":\"https:\\\/\\\/schema.org\",\"@graph\":[{\"@type\":\"WebPage\",\"@id\":\"https:\\\/\\\/www.vallonchene.fr\\\/de\\\/produkt\\\/frangula-alnus-aspleniifolia\\\/\",\"url\":\"https:\\\/\\\/www.vallonchene.fr\\\/de\\\/produkt\\\/frangula-alnus-aspleniifolia\\\/\",\"name\":\"FRANGULA alnus 'Aspleniifolia' - RHAMNUS frangula 'Aspleniifolia'\",\"isPartOf\":{\"@id\":\"https:\\\/\\\/www.vallonchene.fr\\\/de\\\/#website\"},\"primaryImageOfPage\":{\"@id\":\"https:\\\/\\\/www.vallonchene.fr\\\/de\\\/produkt\\\/frangula-alnus-aspleniifolia\\\/#primaryimage\"},\"image\":{\"@id\":\"https:\\\/\\\/www.vallonchene.fr\\\/de\\\/produkt\\\/frangula-alnus-aspleniifolia\\\/#primaryimage\"},\"thumbnailUrl\":\"https:\\\/\\\/www.vallonchene.fr\\\/wp-content\\\/uploads\\\/2023\\\/09\\\/FRANGULA-alnus-Fine-Line_01.webp\",\"datePublished\":\"2021-08-31T10:31:47+00:00\",\"dateModified\":\"2024-03-09T14:51:00+00:00\",\"description\":\"FRANGULA alnus 'Aspleniifolia', auch RHAMNUS frangula 'Aspleniifolia' gennant, hat sehr schmales gr\u00fcnes Laub, das im Herbst leuchtend gelb wird.\",\"breadcrumb\":{\"@id\":\"https:\\\/\\\/www.vallonchene.fr\\\/de\\\/produkt\\\/frangula-alnus-aspleniifolia\\\/#breadcrumb\"},\"inLanguage\":\"de\",\"potentialAction\":[{\"@type\":\"ReadAction\",\"target\":[\"https:\\\/\\\/www.vallonchene.fr\\\/de\\\/produkt\\\/frangula-alnus-aspleniifolia\\\/\"]}]},{\"@type\":\"ImageObject\",\"inLanguage\":\"de\",\"@id\":\"https:\\\/\\\/www.vallonchene.fr\\\/de\\\/produkt\\\/frangula-alnus-aspleniifolia\\\/#primaryimage\",\"url\":\"https:\\\/\\\/www.vallonchene.fr\\\/wp-content\\\/uploads\\\/2023\\\/09\\\/FRANGULA-alnus-Fine-Line_01.webp\",\"contentUrl\":\"https:\\\/\\\/www.vallonchene.fr\\\/wp-content\\\/uploads\\\/2023\\\/09\\\/FRANGULA-alnus-Fine-Line_01.webp\",\"width\":1000,\"height\":1000,\"caption\":\"Gro\u00dfaufnahme des gr\u00fcnen Laubes von FRANGULA alnus 'Aspleniifolia'\"},{\"@type\":\"BreadcrumbList\",\"@id\":\"https:\\\/\\\/www.vallonchene.fr\\\/de\\\/produkt\\\/frangula-alnus-aspleniifolia\\\/#breadcrumb\",\"itemListElement\":[{\"@type\":\"ListItem\",\"position\":1,\"name\":\"Home\",\"item\":\"https:\\\/\\\/www.vallonchene.fr\\\/de\\\/\"},{\"@type\":\"ListItem\",\"position\":2,\"name\":\"Shop\",\"item\":\"https:\\\/\\\/www.vallonchene.fr\\\/de\\\/shop\\\/\"},{\"@type\":\"ListItem\",\"position\":3,\"name\":\"Online-Verkauf\",\"item\":\"https:\\\/\\\/www.vallonchene.fr\\\/de\\\/produkt-kategorie\\\/online-verkauf-de\\\/\"},{\"@type\":\"ListItem\",\"position\":4,\"name\":\"Baumschule\",\"item\":\"https:\\\/\\\/www.vallonchene.fr\\\/de\\\/produkt-kategorie\\\/online-verkauf-de\\\/baumschule-gaertnerei-de\\\/\"},{\"@type\":\"ListItem\",\"position\":5,\"name\":\"Str\u00e4ucher und B\u00e4ume\",\"item\":\"https:\\\/\\\/www.vallonchene.fr\\\/de\\\/produkt-kategorie\\\/online-verkauf-de\\\/baumschule-gaertnerei-de\\\/straucher-und-baume-de\\\/\"},{\"@type\":\"ListItem\",\"position\":6,\"name\":\"FRANGULA alnus &#8216;Aspleniifolia&#8217;\"}]},{\"@type\":\"WebSite\",\"@id\":\"https:\\\/\\\/www.vallonchene.fr\\\/de\\\/#website\",\"url\":\"https:\\\/\\\/www.vallonchene.fr\\\/de\\\/\",\"name\":\"Vallonch\u00eane\",\"description\":\"Die Baumschule, bei der Qualit\u00e4t ihre Wurzeln hat \u2013 Tel.: +49 (0)6838-5399840\",\"publisher\":{\"@id\":\"https:\\\/\\\/www.vallonchene.fr\\\/de\\\/#organization\"},\"potentialAction\":[{\"@type\":\"SearchAction\",\"target\":{\"@type\":\"EntryPoint\",\"urlTemplate\":\"https:\\\/\\\/www.vallonchene.fr\\\/de\\\/?s={search_term_string}\"},\"query-input\":{\"@type\":\"PropertyValueSpecification\",\"valueRequired\":true,\"valueName\":\"search_term_string\"}}],\"inLanguage\":\"de\"},{\"@type\":\"Organization\",\"@id\":\"https:\\\/\\\/www.vallonchene.fr\\\/de\\\/#organization\",\"name\":\"VALLONCHENE\",\"url\":\"https:\\\/\\\/www.vallonchene.fr\\\/de\\\/\",\"logo\":{\"@type\":\"ImageObject\",\"inLanguage\":\"de\",\"@id\":\"https:\\\/\\\/www.vallonchene.fr\\\/de\\\/#\\\/schema\\\/logo\\\/image\\\/\",\"url\":\"https:\\\/\\\/www.vallonchene.fr\\\/wp-content\\\/uploads\\\/2023\\\/03\\\/Logo-Vallonchene-site-et-R_hauteur_100.png\",\"contentUrl\":\"https:\\\/\\\/www.vallonchene.fr\\\/wp-content\\\/uploads\\\/2023\\\/03\\\/Logo-Vallonchene-site-et-R_hauteur_100.png\",\"width\":221,\"height\":100,\"caption\":\"VALLONCHENE\"},\"image\":{\"@id\":\"https:\\\/\\\/www.vallonchene.fr\\\/de\\\/#\\\/schema\\\/logo\\\/image\\\/\"},\"sameAs\":[\"https:\\\/\\\/www.facebook.com\\\/vallonchene.fr\",\"https:\\\/\\\/www.instagram.com\\\/vallonchene\\\/\",\"https:\\\/\\\/www.pinterest.fr\\\/vallonchene\\\/\"],\"taxID\":\"49454502300017\",\"hasMerchantReturnPolicy\":{\"@type\":\"MerchantReturnPolicy\",\"merchantReturnLink\":\"https:\\\/\\\/www.vallonchene.fr\\\/remboursements_retours\\\/\"}}]}<\/script>\n<meta property=\"og:availability\" content=\"instock\" \/>\n<meta property=\"product:availability\" content=\"instock\" \/>\n<meta property=\"product:retailer_item_id\" content=\"95953\" \/>\n<meta property=\"product:condition\" content=\"new\" \/>\n<!-- \/ Yoast SEO Premium plugin. -->","yoast_head_json":{"title":"FRANGULA alnus 'Aspleniifolia' - RHAMNUS frangula 'Aspleniifolia'","description":"FRANGULA alnus 'Aspleniifolia', auch RHAMNUS frangula 'Aspleniifolia' gennant, hat sehr schmales gr\u00fcnes Laub, das im Herbst leuchtend gelb wird.","robots":{"index":"index","follow":"follow","max-snippet":"max-snippet:-1","max-image-preview":"max-image-preview:large","max-video-preview":"max-video-preview:-1"},"canonical":"https:\/\/www.vallonchene.fr\/de\/produkt\/frangula-alnus-aspleniifolia\/","og_locale":"de_DE","og_type":"article","og_title":"FRANGULA alnus 'Aspleniifolia'","og_description":"FRANGULA alnus 'Aspleniifolia', auch RHAMNUS frangula 'Aspleniifolia' gennant, hat sehr schmales gr\u00fcnes Laub, das im Herbst leuchtend gelb wird.","og_url":"https:\/\/www.vallonchene.fr\/de\/produkt\/frangula-alnus-aspleniifolia\/","og_site_name":"Vallonch\u00eane","article_publisher":"https:\/\/www.facebook.com\/vallonchene.fr","article_modified_time":"2024-03-09T14:51:00+00:00","og_image":[{"width":1000,"height":1000,"url":"https:\/\/www.vallonchene.fr\/wp-content\/uploads\/2023\/09\/FRANGULA-alnus-Fine-Line_01.webp","type":"image\/webp"}],"twitter_card":"summary_large_image","twitter_misc":{"Verf\u00fcgbarkeit":"Vorr\u00e4tig"},"schema":{"@context":"https:\/\/schema.org","@graph":[{"@type":"WebPage","@id":"https:\/\/www.vallonchene.fr\/de\/produkt\/frangula-alnus-aspleniifolia\/","url":"https:\/\/www.vallonchene.fr\/de\/produkt\/frangula-alnus-aspleniifolia\/","name":"FRANGULA alnus 'Aspleniifolia' - RHAMNUS frangula 'Aspleniifolia'","isPartOf":{"@id":"https:\/\/www.vallonchene.fr\/de\/#website"},"primaryImageOfPage":{"@id":"https:\/\/www.vallonchene.fr\/de\/produkt\/frangula-alnus-aspleniifolia\/#primaryimage"},"image":{"@id":"https:\/\/www.vallonchene.fr\/de\/produkt\/frangula-alnus-aspleniifolia\/#primaryimage"},"thumbnailUrl":"https:\/\/www.vallonchene.fr\/wp-content\/uploads\/2023\/09\/FRANGULA-alnus-Fine-Line_01.webp","datePublished":"2021-08-31T10:31:47+00:00","dateModified":"2024-03-09T14:51:00+00:00","description":"FRANGULA alnus 'Aspleniifolia', auch RHAMNUS frangula 'Aspleniifolia' gennant, hat sehr schmales gr\u00fcnes Laub, das im Herbst leuchtend gelb wird.","breadcrumb":{"@id":"https:\/\/www.vallonchene.fr\/de\/produkt\/frangula-alnus-aspleniifolia\/#breadcrumb"},"inLanguage":"de","potentialAction":[{"@type":"ReadAction","target":["https:\/\/www.vallonchene.fr\/de\/produkt\/frangula-alnus-aspleniifolia\/"]}]},{"@type":"ImageObject","inLanguage":"de","@id":"https:\/\/www.vallonchene.fr\/de\/produkt\/frangula-alnus-aspleniifolia\/#primaryimage","url":"https:\/\/www.vallonchene.fr\/wp-content\/uploads\/2023\/09\/FRANGULA-alnus-Fine-Line_01.webp","contentUrl":"https:\/\/www.vallonchene.fr\/wp-content\/uploads\/2023\/09\/FRANGULA-alnus-Fine-Line_01.webp","width":1000,"height":1000,"caption":"Gro\u00dfaufnahme des gr\u00fcnen Laubes von FRANGULA alnus 'Aspleniifolia'"},{"@type":"BreadcrumbList","@id":"https:\/\/www.vallonchene.fr\/de\/produkt\/frangula-alnus-aspleniifolia\/#breadcrumb","itemListElement":[{"@type":"ListItem","position":1,"name":"Home","item":"https:\/\/www.vallonchene.fr\/de\/"},{"@type":"ListItem","position":2,"name":"Shop","item":"https:\/\/www.vallonchene.fr\/de\/shop\/"},{"@type":"ListItem","position":3,"name":"Online-Verkauf","item":"https:\/\/www.vallonchene.fr\/de\/produkt-kategorie\/online-verkauf-de\/"},{"@type":"ListItem","position":4,"name":"Baumschule","item":"https:\/\/www.vallonchene.fr\/de\/produkt-kategorie\/online-verkauf-de\/baumschule-gaertnerei-de\/"},{"@type":"ListItem","position":5,"name":"Str\u00e4ucher und B\u00e4ume","item":"https:\/\/www.vallonchene.fr\/de\/produkt-kategorie\/online-verkauf-de\/baumschule-gaertnerei-de\/straucher-und-baume-de\/"},{"@type":"ListItem","position":6,"name":"FRANGULA alnus &#8216;Aspleniifolia&#8217;"}]},{"@type":"WebSite","@id":"https:\/\/www.vallonchene.fr\/de\/#website","url":"https:\/\/www.vallonchene.fr\/de\/","name":"Vallonch\u00eane","description":"Die Baumschule, bei der Qualit\u00e4t ihre Wurzeln hat \u2013 Tel.: +49 (0)6838-5399840","publisher":{"@id":"https:\/\/www.vallonchene.fr\/de\/#organization"},"potentialAction":[{"@type":"SearchAction","target":{"@type":"EntryPoint","urlTemplate":"https:\/\/www.vallonchene.fr\/de\/?s={search_term_string}"},"query-input":{"@type":"PropertyValueSpecification","valueRequired":true,"valueName":"search_term_string"}}],"inLanguage":"de"},{"@type":"Organization","@id":"https:\/\/www.vallonchene.fr\/de\/#organization","name":"VALLONCHENE","url":"https:\/\/www.vallonchene.fr\/de\/","logo":{"@type":"ImageObject","inLanguage":"de","@id":"https:\/\/www.vallonchene.fr\/de\/#\/schema\/logo\/image\/","url":"https:\/\/www.vallonchene.fr\/wp-content\/uploads\/2023\/03\/Logo-Vallonchene-site-et-R_hauteur_100.png","contentUrl":"https:\/\/www.vallonchene.fr\/wp-content\/uploads\/2023\/03\/Logo-Vallonchene-site-et-R_hauteur_100.png","width":221,"height":100,"caption":"VALLONCHENE"},"image":{"@id":"https:\/\/www.vallonchene.fr\/de\/#\/schema\/logo\/image\/"},"sameAs":["https:\/\/www.facebook.com\/vallonchene.fr","https:\/\/www.instagram.com\/vallonchene\/","https:\/\/www.pinterest.fr\/vallonchene\/"],"taxID":"49454502300017","hasMerchantReturnPolicy":{"@type":"MerchantReturnPolicy","merchantReturnLink":"https:\/\/www.vallonchene.fr\/remboursements_retours\/"}}]},"og_availability":"instock","product_availability":"instock","product_retailer_item_id":"95953","product_condition":"new"},"_links":{"self":[{"href":"https:\/\/www.vallonchene.fr\/de\/wp-json\/wp\/v2\/product\/10334","targetHints":{"allow":["GET"]}}],"collection":[{"href":"https:\/\/www.vallonchene.fr\/de\/wp-json\/wp\/v2\/product"}],"about":[{"href":"https:\/\/www.vallonchene.fr\/de\/wp-json\/wp\/v2\/types\/product"}],"replies":[{"embeddable":true,"href":"https:\/\/www.vallonchene.fr\/de\/wp-json\/wp\/v2\/comments?post=10334"}],"wp:featuredmedia":[{"embeddable":true,"href":"https:\/\/www.vallonchene.fr\/de\/wp-json\/wp\/v2\/media\/42791"}],"wp:attachment":[{"href":"https:\/\/www.vallonchene.fr\/de\/wp-json\/wp\/v2\/media?parent=10334"}],"wp:term":[{"taxonomy":"product_brand","embeddable":true,"href":"https:\/\/www.vallonchene.fr\/de\/wp-json\/wp\/v2\/product_brand?post=10334"},{"taxonomy":"product_cat","embeddable":true,"href":"https:\/\/www.vallonchene.fr\/de\/wp-json\/wp\/v2\/product_cat?post=10334"},{"taxonomy":"product_tag","embeddable":true,"href":"https:\/\/www.vallonchene.fr\/de\/wp-json\/wp\/v2\/product_tag?post=10334"}],"curies":[{"name":"wp","href":"https:\/\/api.w.org\/{rel}","templated":true}]}}